{"id":7717,"date":"2026-04-29T15:00:56","date_gmt":"2026-04-29T15:00:56","guid":{"rendered":"https:\/\/www.valicodeipellegrini.it\/?page_id=7717"},"modified":"2026-04-29T16:07:49","modified_gmt":"2026-04-29T16:07:49","slug":"maison-de-vacances-castel-santa-maria","status":"publish","type":"page","link":"https:\/\/www.valicodeipellegrini.it\/fr\/les-fermes\/maison-de-vacances-castel-santa-maria\/","title":{"rendered":"Maison de Vacances Castel Santa Maria"},"content":{"rendered":"<h1> <\/h1>\n<h1 style=\"text-align: center;\">Maison de Vacances Castel Santa Maria<\/h1>\n<div class=\"clearfix divider-common divider-blank\" style=\"padding-top:20px;padding-bottom:20px;\"><\/div>\n<h2 style=\"text-align: center;\">Ouverture prochaine<\/h2>\n<p>&nbsp;<\/p>\n\n<div class=\"column3 column_space\"><a href=\"https:\/\/www.valicodeipellegrini.it\/wp-content\/uploads\/2026\/04\/castel-santa-maria-costruzione-2.jpg\"><img loading=\"lazy\" decoding=\"async\" class=\"size-medium aligncenter\" src=\"https:\/\/www.valicodeipellegrini.it\/wp-content\/uploads\/2026\/04\/castel-santa-maria-costruzione-2-300x202.jpg\" alt=\"castel-santa-maria-costruzione-2\" width=\"300\" height=\"202\" \/><\/a><\/div> <div class=\"column3 column_space\"><a href=\"https:\/\/www.valicodeipellegrini.it\/wp-content\/uploads\/2026\/04\/castel-santa-maria-esterno1-1.jpg\"><img loading=\"lazy\" decoding=\"async\" class=\"size-medium aligncenter\" src=\"https:\/\/www.valicodeipellegrini.it\/wp-content\/uploads\/2026\/04\/castel-santa-maria-esterno1-1-300x199.jpg\" alt=\"castel-santa-maria-esterno1-1\" width=\"300\" height=\"199\" \/><\/a><\/div> <div class=\"column3 clearfix\"><a href=\"https:\/\/www.valicodeipellegrini.it\/wp-content\/uploads\/2026\/04\/castel-santa-maria-esterno3-1.jpg\"><img loading=\"lazy\" decoding=\"async\" class=\"size-medium aligncenter\" src=\"https:\/\/www.valicodeipellegrini.it\/wp-content\/uploads\/2026\/04\/castel-santa-maria-esterno3-1-300x200.jpg\" alt=\"castel-santa-maria-esterno3-1\" width=\"300\" height=\"200\" \/><\/a><\/div><div class=\"clear\"><\/div>\n\n<div class=\"column3 column_space\"><a href=\"https:\/\/www.valicodeipellegrini.it\/wp-content\/uploads\/2026\/04\/castel-santa-maria-esterno4-1.jpg\"><img loading=\"lazy\" decoding=\"async\" class=\"size-medium aligncenter\" src=\"https:\/\/www.valicodeipellegrini.it\/wp-content\/uploads\/2026\/04\/castel-santa-maria-esterno4-1-300x206.jpg\" alt=\"castel-santa-maria-esterno4-1\" width=\"300\" height=\"206\" \/><\/a><\/div> <div class=\"column3 column_space\"><a href=\"https:\/\/www.valicodeipellegrini.it\/wp-content\/uploads\/2026\/04\/castel-santa-maria-panorama1-1.jpg\"><img loading=\"lazy\" decoding=\"async\" class=\"size-medium aligncenter\" src=\"https:\/\/www.valicodeipellegrini.it\/wp-content\/uploads\/2026\/04\/castel-santa-maria-panorama1-1-300x223.jpg\" alt=\"castel-santa-maria-panorama1-1\" width=\"300\" height=\"223\" \/><\/a><\/div> <div class=\"column3 clearfix\"><a href=\"https:\/\/www.valicodeipellegrini.it\/wp-content\/uploads\/2026\/04\/castel-santa-maria-panorama2-1.jpg\"><img loading=\"lazy\" decoding=\"async\" class=\"size-medium aligncenter\" src=\"https:\/\/www.valicodeipellegrini.it\/wp-content\/uploads\/2026\/04\/castel-santa-maria-panorama2-1-300x224.jpg\" alt=\"castel-santa-maria-panorama2-1\" width=\"300\" height=\"224\" \/><\/a><\/div><div class=\"clear\"><\/div>\n\n<div class=\"column3 clearfix\"><a href=\"https:\/\/www.valicodeipellegrini.it\/wp-content\/uploads\/2026\/04\/castel-santa-maria-panorama3-1.jpg\"><img loading=\"lazy\" decoding=\"async\" class=\"size-medium aligncenter\" src=\"https:\/\/www.valicodeipellegrini.it\/wp-content\/uploads\/2026\/04\/castel-santa-maria-panorama3-1-300x223.jpg\" alt=\"castel-santa-maria-panorama3-1\" width=\"300\" height=\"223\" \/><\/a><\/div><div class=\"clear\"><\/div>\n<!--\n<p><strong>Appartement n\u00b0 1<\/strong> (rez-de-chauss\u00e9e) : s\u00e9jour avec coin cuisine, chambre avec 2 lits plus un canap\u00e9-lit double, salle de bain.<\/p>\n<p><strong>Appartements n\u00b0 2 et 3<\/strong> (rez-de-chauss\u00e9e) : grand s\u00e9jour avec chemin\u00e9e, cuisine, 2 chambres avec 4 lits plus un canap\u00e9-lit double, 2 salles de bain, dont 1 accessible aux personnes \u00e0 mobilit\u00e9 r\u00e9duite.<br \/>Les pi\u00e8ces indiqu\u00e9es concernent chaque appartement.<br \/>Veuillez noter que les deux appartements peuvent \u00eatre utilis\u00e9s ensemble en ouvrant une porte de communication, ou s\u00e9par\u00e9ment en gardant cette porte ferm\u00e9e.<\/p>\n<p><strong>Appartement n\u00b0 4<\/strong> (1er \u00e9tage) : grand s\u00e9jour avec chemin\u00e9e, cuisine, 3 chambres avec 9 lits plus un canap\u00e9-lit double, 2 salles de bain, grande terrasse avec vue sur la vall\u00e9e ombrienne.<\/p>\n<p><strong>Appartement n\u00b0 5<\/strong> (1er \u00e9tage) : grand s\u00e9jour avec chemin\u00e9e, cuisine, 3 chambres avec 6 lits plus un canap\u00e9-lit double, 2 salles de bain.<\/p>\n<p>Il est possible de r\u00e9server simultan\u00e9ment un ou plusieurs appartements ou la structure enti\u00e8re.<\/p>\n<p>Au sous-sol, <strong>sur demande<\/strong>, se trouve l\u2019agri-restaurant proposant une cuisine paysanne ombrienne.<\/p>\n-->\n\n<div class=\"clearfix divider-common divider-blank\" style=\"padding-top:10px;padding-bottom:10px;\"><\/div>\n\n\n<div id=\"map\" style=\"width: 100%; height: 400px;\"><\/div>\n\n<div style=\"text-align: center;\"><a href=\"https:\/\/www.google.com\/maps\/dir\/?api=1&#038;destination=42.71453854331524,13.112730872021427\" target=\"_blank\" rel=\"noopener noreferrer\" style=\"display:inline-block; margin-top:12px; padding:12px 24px; background:#3478f6; color:#fff; border-radius:10px; text-decoration:none; font-weight:600;\" > Itin\u00e9raire avec Google Maps <\/a><\/div>\n\n<script>\n  const map = L.map('map').setView([42.71453854331524, 13.112730872021427], 13);\n  L.tileLayer('https:\/\/{s}.tile.openstreetmap.org\/{z}\/{x}\/{y}.png', {\n    attribution: '&copy; <a href=\"https:\/\/www.openstreetmap.org\/copyright\">OpenStreetMap<\/a>',\n    maxZoom: 19\n  }).addTo(map);\n  L.marker([42.71453854331524, 13.112730872021427]).addTo(map).bindPopup('<strong>Castel Santa Maria<\/strong>').openPopup();\n<\/script>\n\n\n\n<p>Altitude : 1105 m au-dessus du niveau de la mer<\/p>\n\n<p>Distances :<\/p>\n<ul>\n<li>Cascia 13,5 km<\/li>\n<li>Norcia 13 km<\/li>\n<li>Castelluccio di Norcia 37 km<\/li>\n<li>Mer Adriatique 90 km<\/li>\n<li>A\u00e9roport de l&rsquo;Ombrie \u2013 P\u00e9rouse San Francesco d&rsquo;Assisi 100 km<\/li>\n<\/ul>\n\n\n<!--<p>CIN: IT054051B501014203<\/p>-->\n\n\n\n<p><\/p>\n","protected":false},"excerpt":{"rendered":"<p>Maison de Vacances Castel Santa Maria Ouverture prochaine &nbsp; Itin\u00e9raire avec Google Maps Altitude : 1105 m au-dessus du niveau de la mer Distances : Cascia 13,5 km Norcia 13 km Castelluccio di Norcia 37 km Mer Adriatique 90 km A\u00e9roport de l&rsquo;Ombrie \u2013 P\u00e9rouse San Francesco d&rsquo;Assisi 100 km<\/p>\n","protected":false},"author":1,"featured_media":0,"parent":6589,"menu_order":0,"comment_status":"closed","ping_status":"closed","template":"","meta":{"footnotes":""},"class_list":["post-7717","page","type-page","status-publish","hentry"],"yoast_head":"<!-- This site is optimized with the Yoast SEO plugin v27.0 - https:\/\/yoast.com\/product\/yoast-seo-wordpress\/ -->\n<title>Maison de Vacances Castel Santa Maria - Agriturismo Valico dei Pellegrini<\/title>\n<meta name=\"robots\" content=\"index, follow, max-snippet:-1, max-image-preview:large, max-video-preview:-1\" \/>\n<link rel=\"canonical\" href=\"https:\/\/www.valicodeipellegrini.it\/fr\/les-fermes\/maison-de-vacances-castel-santa-maria\/\" \/>\n<meta property=\"og:locale\" content=\"fr_FR\" \/>\n<meta property=\"og:type\" content=\"article\" \/>\n<meta property=\"og:title\" content=\"Maison de Vacances Castel Santa Maria - Agriturismo Valico dei Pellegrini\" \/>\n<meta property=\"og:description\" content=\"Maison de Vacances Castel Santa Maria Ouverture prochaine &nbsp; Itin\u00e9raire avec Google Maps Altitude : 1105 m au-dessus du niveau de la mer Distances : Cascia 13,5 km Norcia 13 km Castelluccio di Norcia 37 km Mer Adriatique 90 km A\u00e9roport de l&rsquo;Ombrie \u2013 P\u00e9rouse San Francesco d&rsquo;Assisi 100 km\" \/>\n<meta property=\"og:url\" content=\"https:\/\/www.valicodeipellegrini.it\/fr\/les-fermes\/maison-de-vacances-castel-santa-maria\/\" \/>\n<meta property=\"og:site_name\" content=\"Agriturismo Valico dei Pellegrini\" \/>\n<meta property=\"article:modified_time\" content=\"2026-04-29T16:07:49+00:00\" \/>\n<meta property=\"og:image\" content=\"https:\/\/www.valicodeipellegrini.it\/wp-content\/uploads\/2026\/04\/castel-santa-maria-costruzione-2-300x202.jpg\" \/>\n<meta name=\"twitter:card\" content=\"summary_large_image\" \/>\n<meta name=\"twitter:label1\" content=\"Dur\u00e9e de lecture estim\u00e9e\" \/>\n\t<meta name=\"twitter:data1\" content=\"2 minutes\" \/>\n<script type=\"application\/ld+json\" class=\"yoast-schema-graph\">{\"@context\":\"https:\/\/schema.org\",\"@graph\":[{\"@type\":\"WebPage\",\"@id\":\"https:\/\/www.valicodeipellegrini.it\/fr\/les-fermes\/maison-de-vacances-castel-santa-maria\/\",\"url\":\"https:\/\/www.valicodeipellegrini.it\/fr\/les-fermes\/maison-de-vacances-castel-santa-maria\/\",\"name\":\"Maison de Vacances Castel Santa Maria - Agriturismo Valico dei Pellegrini\",\"isPartOf\":{\"@id\":\"https:\/\/www.valicodeipellegrini.it\/#website\"},\"primaryImageOfPage\":{\"@id\":\"https:\/\/www.valicodeipellegrini.it\/fr\/les-fermes\/maison-de-vacances-castel-santa-maria\/#primaryimage\"},\"image\":{\"@id\":\"https:\/\/www.valicodeipellegrini.it\/fr\/les-fermes\/maison-de-vacances-castel-santa-maria\/#primaryimage\"},\"thumbnailUrl\":\"https:\/\/www.valicodeipellegrini.it\/wp-content\/uploads\/2026\/04\/castel-santa-maria-costruzione-2-300x202.jpg\",\"datePublished\":\"2026-04-29T15:00:56+00:00\",\"dateModified\":\"2026-04-29T16:07:49+00:00\",\"breadcrumb\":{\"@id\":\"https:\/\/www.valicodeipellegrini.it\/fr\/les-fermes\/maison-de-vacances-castel-santa-maria\/#breadcrumb\"},\"inLanguage\":\"fr-FR\",\"potentialAction\":[{\"@type\":\"ReadAction\",\"target\":[\"https:\/\/www.valicodeipellegrini.it\/fr\/les-fermes\/maison-de-vacances-castel-santa-maria\/\"]}]},{\"@type\":\"ImageObject\",\"inLanguage\":\"fr-FR\",\"@id\":\"https:\/\/www.valicodeipellegrini.it\/fr\/les-fermes\/maison-de-vacances-castel-santa-maria\/#primaryimage\",\"url\":\"https:\/\/www.valicodeipellegrini.it\/wp-content\/uploads\/2026\/04\/castel-santa-maria-costruzione-2-300x202.jpg\",\"contentUrl\":\"https:\/\/www.valicodeipellegrini.it\/wp-content\/uploads\/2026\/04\/castel-santa-maria-costruzione-2-300x202.jpg\"},{\"@type\":\"BreadcrumbList\",\"@id\":\"https:\/\/www.valicodeipellegrini.it\/fr\/les-fermes\/maison-de-vacances-castel-santa-maria\/#breadcrumb\",\"itemListElement\":[{\"@type\":\"ListItem\",\"position\":1,\"name\":\"Home\",\"item\":\"https:\/\/www.valicodeipellegrini.it\/fr\/\"},{\"@type\":\"ListItem\",\"position\":2,\"name\":\"Les fermes\",\"item\":\"https:\/\/www.valicodeipellegrini.it\/i-casali\/\"},{\"@type\":\"ListItem\",\"position\":3,\"name\":\"Maison de Vacances Castel Santa Maria\"}]},{\"@type\":\"WebSite\",\"@id\":\"https:\/\/www.valicodeipellegrini.it\/#website\",\"url\":\"https:\/\/www.valicodeipellegrini.it\/\",\"name\":\"Agriturismo Valico dei Pellegrini\",\"description\":\"Natura e relax in Umbria\",\"potentialAction\":[{\"@type\":\"SearchAction\",\"target\":{\"@type\":\"EntryPoint\",\"urlTemplate\":\"https:\/\/www.valicodeipellegrini.it\/?s={search_term_string}\"},\"query-input\":{\"@type\":\"PropertyValueSpecification\",\"valueRequired\":true,\"valueName\":\"search_term_string\"}}],\"inLanguage\":\"fr-FR\"}]}<\/script>\n<!-- \/ Yoast SEO plugin. -->","yoast_head_json":{"title":"Maison de Vacances Castel Santa Maria - Agriturismo Valico dei Pellegrini","robots":{"index":"index","follow":"follow","max-snippet":"max-snippet:-1","max-image-preview":"max-image-preview:large","max-video-preview":"max-video-preview:-1"},"canonical":"https:\/\/www.valicodeipellegrini.it\/fr\/les-fermes\/maison-de-vacances-castel-santa-maria\/","og_locale":"fr_FR","og_type":"article","og_title":"Maison de Vacances Castel Santa Maria - Agriturismo Valico dei Pellegrini","og_description":"Maison de Vacances Castel Santa Maria Ouverture prochaine &nbsp; Itin\u00e9raire avec Google Maps Altitude : 1105 m au-dessus du niveau de la mer Distances : Cascia 13,5 km Norcia 13 km Castelluccio di Norcia 37 km Mer Adriatique 90 km A\u00e9roport de l&rsquo;Ombrie \u2013 P\u00e9rouse San Francesco d&rsquo;Assisi 100 km","og_url":"https:\/\/www.valicodeipellegrini.it\/fr\/les-fermes\/maison-de-vacances-castel-santa-maria\/","og_site_name":"Agriturismo Valico dei Pellegrini","article_modified_time":"2026-04-29T16:07:49+00:00","og_image":[{"url":"https:\/\/www.valicodeipellegrini.it\/wp-content\/uploads\/2026\/04\/castel-santa-maria-costruzione-2-300x202.jpg","type":"","width":"","height":""}],"twitter_card":"summary_large_image","twitter_misc":{"Dur\u00e9e de lecture estim\u00e9e":"2 minutes"},"schema":{"@context":"https:\/\/schema.org","@graph":[{"@type":"WebPage","@id":"https:\/\/www.valicodeipellegrini.it\/fr\/les-fermes\/maison-de-vacances-castel-santa-maria\/","url":"https:\/\/www.valicodeipellegrini.it\/fr\/les-fermes\/maison-de-vacances-castel-santa-maria\/","name":"Maison de Vacances Castel Santa Maria - Agriturismo Valico dei Pellegrini","isPartOf":{"@id":"https:\/\/www.valicodeipellegrini.it\/#website"},"primaryImageOfPage":{"@id":"https:\/\/www.valicodeipellegrini.it\/fr\/les-fermes\/maison-de-vacances-castel-santa-maria\/#primaryimage"},"image":{"@id":"https:\/\/www.valicodeipellegrini.it\/fr\/les-fermes\/maison-de-vacances-castel-santa-maria\/#primaryimage"},"thumbnailUrl":"https:\/\/www.valicodeipellegrini.it\/wp-content\/uploads\/2026\/04\/castel-santa-maria-costruzione-2-300x202.jpg","datePublished":"2026-04-29T15:00:56+00:00","dateModified":"2026-04-29T16:07:49+00:00","breadcrumb":{"@id":"https:\/\/www.valicodeipellegrini.it\/fr\/les-fermes\/maison-de-vacances-castel-santa-maria\/#breadcrumb"},"inLanguage":"fr-FR","potentialAction":[{"@type":"ReadAction","target":["https:\/\/www.valicodeipellegrini.it\/fr\/les-fermes\/maison-de-vacances-castel-santa-maria\/"]}]},{"@type":"ImageObject","inLanguage":"fr-FR","@id":"https:\/\/www.valicodeipellegrini.it\/fr\/les-fermes\/maison-de-vacances-castel-santa-maria\/#primaryimage","url":"https:\/\/www.valicodeipellegrini.it\/wp-content\/uploads\/2026\/04\/castel-santa-maria-costruzione-2-300x202.jpg","contentUrl":"https:\/\/www.valicodeipellegrini.it\/wp-content\/uploads\/2026\/04\/castel-santa-maria-costruzione-2-300x202.jpg"},{"@type":"BreadcrumbList","@id":"https:\/\/www.valicodeipellegrini.it\/fr\/les-fermes\/maison-de-vacances-castel-santa-maria\/#breadcrumb","itemListElement":[{"@type":"ListItem","position":1,"name":"Home","item":"https:\/\/www.valicodeipellegrini.it\/fr\/"},{"@type":"ListItem","position":2,"name":"Les fermes","item":"https:\/\/www.valicodeipellegrini.it\/i-casali\/"},{"@type":"ListItem","position":3,"name":"Maison de Vacances Castel Santa Maria"}]},{"@type":"WebSite","@id":"https:\/\/www.valicodeipellegrini.it\/#website","url":"https:\/\/www.valicodeipellegrini.it\/","name":"Agriturismo Valico dei Pellegrini","description":"Natura e relax in Umbria","potentialAction":[{"@type":"SearchAction","target":{"@type":"EntryPoint","urlTemplate":"https:\/\/www.valicodeipellegrini.it\/?s={search_term_string}"},"query-input":{"@type":"PropertyValueSpecification","valueRequired":true,"valueName":"search_term_string"}}],"inLanguage":"fr-FR"}]}},"_links":{"self":[{"href":"https:\/\/www.valicodeipellegrini.it\/fr\/wp-json\/wp\/v2\/pages\/7717","targetHints":{"allow":["GET"]}}],"collection":[{"href":"https:\/\/www.valicodeipellegrini.it\/fr\/wp-json\/wp\/v2\/pages"}],"about":[{"href":"https:\/\/www.valicodeipellegrini.it\/fr\/wp-json\/wp\/v2\/types\/page"}],"author":[{"embeddable":true,"href":"https:\/\/www.valicodeipellegrini.it\/fr\/wp-json\/wp\/v2\/users\/1"}],"replies":[{"embeddable":true,"href":"https:\/\/www.valicodeipellegrini.it\/fr\/wp-json\/wp\/v2\/comments?post=7717"}],"version-history":[{"count":2,"href":"https:\/\/www.valicodeipellegrini.it\/fr\/wp-json\/wp\/v2\/pages\/7717\/revisions"}],"predecessor-version":[{"id":7753,"href":"https:\/\/www.valicodeipellegrini.it\/fr\/wp-json\/wp\/v2\/pages\/7717\/revisions\/7753"}],"up":[{"embeddable":true,"href":"https:\/\/www.valicodeipellegrini.it\/fr\/wp-json\/wp\/v2\/pages\/6589"}],"wp:attachment":[{"href":"https:\/\/www.valicodeipellegrini.it\/fr\/wp-json\/wp\/v2\/media?parent=7717"}],"curies":[{"name":"wp","href":"https:\/\/api.w.org\/{rel}","templated":true}]}}