{"id":6591,"date":"2016-03-31T10:30:15","date_gmt":"2016-03-31T10:30:15","guid":{"rendered":"https:\/\/www.valicodeipellegrini.it\/fr\/?page_id=6591"},"modified":"2026-04-29T09:38:32","modified_gmt":"2026-04-29T09:38:32","slug":"villa-marianna","status":"publish","type":"page","link":"https:\/\/www.valicodeipellegrini.it\/fr\/les-fermes\/villa-marianna\/","title":{"rendered":"Villa Marianna"},"content":{"rendered":"<h1 style=\"text-align: center;\">Villa Marianna<\/h1>\n<div class=\"clearfix divider-common divider-blank\" style=\"padding-top:20px;padding-bottom:20px;\"><\/div>\n<h2 style=\"text-align: center;\">Capacit\u00e9 d&rsquo;accueil totale de 25 places-lits r\u00e9parties en 5 appartements.<\/h2>\n\n<div class=\"column3 column_space\"><a href=\"https:\/\/www.valicodeipellegrini.it\/wp-content\/uploads\/2026\/04\/vm01.jpg\"><img loading=\"lazy\" decoding=\"async\" class=\"size-medium aligncenter\" src=\"https:\/\/www.valicodeipellegrini.it\/wp-content\/uploads\/2026\/04\/vm01-300x200.jpg\" alt=\"vm01\" width=\"300\" height=\"200\" \/><\/a><\/div> <div class=\"column3 column_space\"><a href=\"https:\/\/www.valicodeipellegrini.it\/wp-content\/uploads\/2026\/04\/vm02.jpg\"><img loading=\"lazy\" decoding=\"async\" class=\"size-medium aligncenter\" src=\"https:\/\/www.valicodeipellegrini.it\/wp-content\/uploads\/2026\/04\/vm02-300x190.jpg\" alt=\"vm02\" width=\"300\" height=\"190\" \/><\/a><\/div> <div class=\"column3 clearfix\"><a href=\"https:\/\/www.valicodeipellegrini.it\/wp-content\/uploads\/2026\/04\/vm03.jpg\"><img loading=\"lazy\" decoding=\"async\" class=\"size-medium aligncenter\" src=\"https:\/\/www.valicodeipellegrini.it\/wp-content\/uploads\/2026\/04\/vm03-300x209.jpg\" alt=\"vm03\" width=\"300\" height=\"209\" \/><\/a><\/div><div class=\"clear\"><\/div>\n<div class=\"column3 column_space\"><a href=\"https:\/\/www.valicodeipellegrini.it\/wp-content\/uploads\/2026\/04\/vm05.jpg\"><img loading=\"lazy\" decoding=\"async\" class=\"size-medium aligncenter\" src=\"https:\/\/www.valicodeipellegrini.it\/wp-content\/uploads\/2026\/04\/vm05-300x224.jpg\" alt=\"vm05\" width=\"300\" height=\"224\" \/><\/a><\/div> <div class=\"column3 column_space\"><a href=\"https:\/\/www.valicodeipellegrini.it\/wp-content\/uploads\/2026\/04\/vm06.jpg\"><img loading=\"lazy\" decoding=\"async\" class=\"size-medium aligncenter\" src=\"https:\/\/www.valicodeipellegrini.it\/wp-content\/uploads\/2026\/04\/vm06-300x200.jpg\" alt=\"vm06\" width=\"300\" height=\"200\" \/><\/a><\/div> <div class=\"column3 clearfix\"><a href=\"https:\/\/www.valicodeipellegrini.it\/wp-content\/uploads\/2026\/04\/vm07.jpg\"><img loading=\"lazy\" decoding=\"async\" class=\"size-medium aligncenter\" src=\"https:\/\/www.valicodeipellegrini.it\/wp-content\/uploads\/2026\/04\/vm07-300x205.jpg\" alt=\"vm07\" width=\"300\" height=\"205\" \/><\/a><\/div><div class=\"clear\"><\/div>\n<div class=\"column3 column_space\"><a href=\"https:\/\/www.valicodeipellegrini.it\/wp-content\/uploads\/2026\/04\/vm08.jpg\"><img loading=\"lazy\" decoding=\"async\" class=\"size-medium aligncenter\" src=\"https:\/\/www.valicodeipellegrini.it\/wp-content\/uploads\/2026\/04\/vm08-300x200.jpg\" alt=\"vm08\" width=\"300\" height=\"200\" \/><\/a><\/div> <div class=\"column3 column_space\"><a href=\"https:\/\/www.valicodeipellegrini.it\/wp-content\/uploads\/2026\/04\/vm09.jpg\"><img loading=\"lazy\" decoding=\"async\" class=\"size-medium aligncenter\" src=\"https:\/\/www.valicodeipellegrini.it\/wp-content\/uploads\/2026\/04\/vm09-300x224.jpg\" alt=\"vm09\" width=\"300\" height=\"224\" \/><\/a><\/div> <div class=\"column3 clearfix\"><a href=\"https:\/\/www.valicodeipellegrini.it\/wp-content\/uploads\/2026\/04\/vm10.jpg\"><img loading=\"lazy\" decoding=\"async\" class=\"size-medium aligncenter\" src=\"https:\/\/www.valicodeipellegrini.it\/wp-content\/uploads\/2026\/04\/vm10-300x200.jpg\" alt=\"vm10\" width=\"300\" height=\"200\" \/><\/a><\/div><div class=\"clear\"><\/div>\n<div class=\"column3 column_space\"><a href=\"https:\/\/www.valicodeipellegrini.it\/wp-content\/uploads\/2026\/04\/vm11.jpg\"><img loading=\"lazy\" decoding=\"async\" class=\"size-medium aligncenter\" src=\"https:\/\/www.valicodeipellegrini.it\/wp-content\/uploads\/2026\/04\/vm11-300x200.jpg\" alt=\"vm11\" width=\"300\" height=\"200\" \/><\/a><\/div> <div class=\"column3 column_space\"><a href=\"https:\/\/www.valicodeipellegrini.it\/wp-content\/uploads\/2026\/04\/vm13.jpg\"><img loading=\"lazy\" decoding=\"async\" class=\"size-medium aligncenter\" src=\"https:\/\/www.valicodeipellegrini.it\/wp-content\/uploads\/2026\/04\/vm13-300x200.jpg\" alt=\"vm13\" width=\"300\" height=\"200\" \/><\/a><\/div> <div class=\"column3 clearfix\"><a href=\"https:\/\/www.valicodeipellegrini.it\/wp-content\/uploads\/2026\/04\/vm14.jpg\"><img loading=\"lazy\" decoding=\"async\" class=\"size-medium aligncenter\" src=\"https:\/\/www.valicodeipellegrini.it\/wp-content\/uploads\/2026\/04\/vm14-300x141.jpg\" alt=\"vm14\" width=\"300\" height=\"141\" \/><\/a><\/div><div class=\"clear\"><\/div>\n<div class=\"column3 column_space\"><a href=\"https:\/\/www.valicodeipellegrini.it\/wp-content\/uploads\/2026\/04\/vm15.jpg\"><img loading=\"lazy\" decoding=\"async\" class=\"size-medium aligncenter\" src=\"https:\/\/www.valicodeipellegrini.it\/wp-content\/uploads\/2026\/04\/vm15-300x224.jpg\" alt=\"vm15\" width=\"300\" height=\"224\" \/><\/a><\/div> <div class=\"column3 column_space\"><a href=\"https:\/\/www.valicodeipellegrini.it\/wp-content\/uploads\/2026\/04\/vm16.jpg\"><img loading=\"lazy\" decoding=\"async\" class=\"size-medium aligncenter\" src=\"https:\/\/www.valicodeipellegrini.it\/wp-content\/uploads\/2026\/04\/vm16-300x224.jpg\" alt=\"vm16\" width=\"300\" height=\"224\" \/><\/a><\/div> <div class=\"column3 clearfix\"><a href=\"https:\/\/www.valicodeipellegrini.it\/wp-content\/uploads\/2026\/04\/vm17.jpg\"><img loading=\"lazy\" decoding=\"async\" class=\"size-medium aligncenter\" src=\"https:\/\/www.valicodeipellegrini.it\/wp-content\/uploads\/2026\/04\/vm17-300x161.jpg\" alt=\"vm17\" width=\"300\" height=\"161\" \/><\/a><\/div><div class=\"clear\"><\/div>\n<div class=\"column3 clearfix\"><a href=\"https:\/\/www.valicodeipellegrini.it\/wp-content\/uploads\/2026\/04\/vm18.jpg\"><img loading=\"lazy\" decoding=\"async\" class=\"size-medium aligncenter\" src=\"https:\/\/www.valicodeipellegrini.it\/wp-content\/uploads\/2026\/04\/vm18-300x180.jpg\" alt=\"vm18\" width=\"300\" height=\"180\" \/><\/a><\/div><div class=\"clear\"><\/div>\n\n<div class=\"column2 column_space\"><p><div style=\"width: 756px;\" class=\"wp-video\"><video class=\"wp-video-shortcode\" id=\"video-6591-1\" width=\"756\" height=\"340\" preload=\"metadata\" controls=\"controls\"><source type=\"video\/mp4\" src=\"https:\/\/www.valicodeipellegrini.it\/wp-content\/uploads\/2026\/04\/20251118_163816.mp4?_=1\" \/><a href=\"https:\/\/www.valicodeipellegrini.it\/wp-content\/uploads\/2026\/04\/20251118_163816.mp4\">https:\/\/www.valicodeipellegrini.it\/wp-content\/uploads\/2026\/04\/20251118_163816.mp4<\/a><\/video><\/div><\/p>\n<p><\/div>\n<div class=\"column2 clearfix\"><p><div style=\"width: 756px;\" class=\"wp-video\"><video class=\"wp-video-shortcode\" id=\"video-6591-2\" width=\"756\" height=\"340\" preload=\"metadata\" controls=\"controls\"><source type=\"video\/mp4\" src=\"https:\/\/www.valicodeipellegrini.it\/wp-content\/uploads\/2026\/04\/20251118_163854.mp4?_=2\" \/><a href=\"https:\/\/www.valicodeipellegrini.it\/wp-content\/uploads\/2026\/04\/20251118_163854.mp4\">https:\/\/www.valicodeipellegrini.it\/wp-content\/uploads\/2026\/04\/20251118_163854.mp4<\/a><\/video><\/div><\/p>\n<p><\/div><div class=\"clear\"><\/div>\n<div class=\"column2 column_space\"><p><div style=\"width: 756px;\" class=\"wp-video\"><video class=\"wp-video-shortcode\" id=\"video-6591-3\" width=\"756\" height=\"340\" preload=\"metadata\" controls=\"controls\"><source type=\"video\/mp4\" src=\"https:\/\/www.valicodeipellegrini.it\/wp-content\/uploads\/2026\/04\/video1.mp4?_=3\" \/><a href=\"https:\/\/www.valicodeipellegrini.it\/wp-content\/uploads\/2026\/04\/video1.mp4\">https:\/\/www.valicodeipellegrini.it\/wp-content\/uploads\/2026\/04\/video1.mp4<\/a><\/video><\/div><\/p>\n<p><\/div>\n<div class=\"column2 clearfix\"><p><div style=\"width: 756px;\" class=\"wp-video\"><video class=\"wp-video-shortcode\" id=\"video-6591-4\" width=\"756\" height=\"340\" preload=\"metadata\" controls=\"controls\"><source type=\"video\/mp4\" src=\"https:\/\/www.valicodeipellegrini.it\/wp-content\/uploads\/2026\/04\/video2.mp4?_=4\" \/><a href=\"https:\/\/www.valicodeipellegrini.it\/wp-content\/uploads\/2026\/04\/video2.mp4\">https:\/\/www.valicodeipellegrini.it\/wp-content\/uploads\/2026\/04\/video2.mp4<\/a><\/video><\/div><\/p>\n<p><\/div><div class=\"clear\"><\/div>\n<div class=\"column2 column_space\"><p><div style=\"width: 756px;\" class=\"wp-video\"><video class=\"wp-video-shortcode\" id=\"video-6591-5\" width=\"756\" height=\"340\" preload=\"metadata\" controls=\"controls\"><source type=\"video\/mp4\" src=\"https:\/\/www.valicodeipellegrini.it\/wp-content\/uploads\/2026\/04\/video3.mp4?_=5\" \/><a href=\"https:\/\/www.valicodeipellegrini.it\/wp-content\/uploads\/2026\/04\/video3.mp4\">https:\/\/www.valicodeipellegrini.it\/wp-content\/uploads\/2026\/04\/video3.mp4<\/a><\/video><\/div><\/p>\n<p><\/div>\n<div class=\"column2 clearfix\"><p><div style=\"width: 756px;\" class=\"wp-video\"><video class=\"wp-video-shortcode\" id=\"video-6591-6\" width=\"756\" height=\"340\" preload=\"metadata\" controls=\"controls\"><source type=\"video\/mp4\" src=\"https:\/\/www.valicodeipellegrini.it\/wp-content\/uploads\/2026\/04\/video4.mp4?_=6\" \/><a href=\"https:\/\/www.valicodeipellegrini.it\/wp-content\/uploads\/2026\/04\/video4.mp4\">https:\/\/www.valicodeipellegrini.it\/wp-content\/uploads\/2026\/04\/video4.mp4<\/a><\/video><\/div><\/p>\n<p><\/div><div class=\"clear\"><\/div>\n<p><strong>Appartement n\u00b0 1<\/strong> (rez-de-chauss\u00e9e): s\u00e9jour avec coin cuisine, chambre avec 2 places-lits et canap\u00e9-lit 2 places, salle de bain.<\/p>\n<p><strong>Appartements n\u00b0 2 et 3<\/strong> (rez-de-chauss\u00e9e) : grand s\u00e9jour avec chemin\u00e9e, cuisine, 2 chambres avec 4 places-lits et canap\u00e9-lit 2 places, 2 salles de bain dont 1 \u00e9quip\u00e9e pour les personnes handicap\u00e9es.<br \/>Les pi\u00e8ces sont indiqu\u00e9es pour chaque appartement.<br \/>En outre, les deux appartements peuvent \u00eatre utilis\u00e9s en commun en ouvrant une porte qui les s\u00e9pare, ou bien s\u00e9par\u00e9ment, en tenant la porte ferm\u00e9e.<\/p>\n<p><strong>Appartements n\u00b0 4<\/strong> (1er \u00e9tage): grand s\u00e9jour avec chemin\u00e9e, cuisine, 3 chambres avec 9 places-lits et canap\u00e9-lit 2 places, 2 salles de bain, grande terrasse avec vue sur la vall\u00e9e ombre.<\/p>\n<p><strong>Appartements n\u00b0 5<\/strong> (1er \u00e9tage): grand s\u00e9jour avec chemin\u00e9e, cuisine, 3 chambres avec 6 places-lits et canap\u00e9-lit 2 places, 2 salles de bain.<\/p>\n<p>Il est possible de r\u00e9server simultan\u00e9ment un ou plusieurs appartements, ou bien l&rsquo;ensemble de l&rsquo;\u00e9tablissement.<\/p>\n<p>L&rsquo;agrirestaurant est situ\u00e9 au demi-sous-sol et propose une cuisine paysanne ombrienne (sur demande).<\/p>\n<div class=\"pricing-table clearfix\">\n<div class=\"App1-villaMarianna\"><div class=\"pricing-column-target column5 pricing_highlight\"><div class=\"pricing-column-type-1 pricing-column\"><ul><li class=\"pricing-title\">Appartement 1<\/li><li class=\"pricing-price\"><span class=\"pricing-currency\">rez-de-chauss\u00e9e<\/span><span class=\"pricing-suffix\"><\/span><\/li><li class=\"pricing-duration\"><\/li><li class=\"pricing-row\">2 places-lits<\/li><li class=\"pricing-row\">1 salle de bain<\/li><li class=\"pricing-row\">s\u00e9jour<\/li><li class=\"pricing-row\">cuisine<\/li><\/ul><\/div><\/div><\/div>\n<div class=\"App2-villaMarianna\"><div class=\"pricing-column-target column5 pricing_highlight\"><div class=\"pricing-column-type-1 pricing-column\"><ul><li class=\"pricing-title\">Appartement 2<\/li><li class=\"pricing-price\"><span class=\"pricing-currency\">rez-de-chauss\u00e9e<\/span><span class=\"pricing-suffix\"><\/span><\/li><li class=\"pricing-duration\"><\/li><li class=\"pricing-row\">4 places-lits<\/li><li class=\"pricing-row\">1 salle de bain<\/li><li class=\"pricing-row\">s\u00e9jour<\/li><li class=\"pricing-row\">cuisine<\/li><\/ul><\/div><\/div><\/div>\n<div class=\"App3-villaMarianna\"><div class=\"pricing-column-target column5 pricing_highlight\"><div class=\"pricing-column-type-1 pricing-column\"><ul><li class=\"pricing-title\">Appartement 3<\/li><li class=\"pricing-price\"><span class=\"pricing-currency\">rez-de-chauss\u00e9e<\/span><span class=\"pricing-suffix\"><\/span><\/li><li class=\"pricing-duration\"><\/li><li class=\"pricing-row\">4 places-lits<\/li><li class=\"pricing-row\">1 salle de bain<\/li><li class=\"pricing-row\">s\u00e9jour<\/li><li class=\"pricing-row\">cuisine<\/li><\/ul><\/div><\/div><\/div>\n<div class=\"App4-villaMarianna\">\n<div class=\"pricing-column-target column5 pricing_highlight\"><div class=\"pricing-column-type-1 pricing-column\"><ul><li class=\"pricing-title\">Appartement 4<\/li><li class=\"pricing-price\"><span class=\"pricing-currency\">1er \u00e9tage<\/span><span class=\"pricing-suffix\"><\/span><\/li><li class=\"pricing-duration\"><\/li><li class=\"pricing-row\">9 places-lits<\/li>\n<li class=\"pricing-row\">2 salles de bain<\/li><li class=\"pricing-row\">s\u00e9jour<\/li><li class=\"pricing-row\">cuisine<\/li><\/ul><\/div><\/div>\n<\/div>\n<div class=\"App5-villaMarianna\"><div class=\"pricing-column-target column5 pricing_highlight\"><div class=\"pricing-column-type-1 pricing-column\"><ul><li class=\"pricing-title\">Appartement 5<\/li><li class=\"pricing-price\"><span class=\"pricing-currency\">1er \u00e9tage<\/span><span class=\"pricing-suffix\"><\/span><\/li><li class=\"pricing-duration\"><\/li><li class=\"pricing-row\">6 places-lits<\/li><li class=\"pricing-row\">2 salles de bain<\/li><li class=\"pricing-row\">s\u00e9jour<\/li><li class=\"pricing-row\">cuisine<\/li><\/ul><\/div><\/div><\/div>\n<p><\/div>\n<div class=\"clearfix divider-common divider-blank\" style=\"padding-top:10px;padding-bottom:10px;\"><\/div>\n<div class=\"column2 column_space\"><p style=\"text-align: center;\"><strong>Rez-de-chauss\u00e9e<\/strong><\/p>\n<p style=\"text-align: center;\"><a href=\"https:\/\/www.valicodeipellegrini.it\/wp-content\/uploads\/2016\/03\/villaMarianna-PT-FR.jpg\" rel=\"attachment wp-att-5979\"><img loading=\"lazy\" decoding=\"async\" class=\"alignnone wp-image-6931 size-medium\" src=\"https:\/\/www.valicodeipellegrini.it\/wp-content\/uploads\/2016\/03\/villaMarianna-PT-FR-300x171.jpg\" alt=\"\" width=\"300\" height=\"171\" srcset=\"https:\/\/www.valicodeipellegrini.it\/wp-content\/uploads\/2016\/03\/villaMarianna-PT-FR-300x171.jpg 300w, https:\/\/www.valicodeipellegrini.it\/wp-content\/uploads\/2016\/03\/villaMarianna-PT-FR-768x438.jpg 768w, https:\/\/www.valicodeipellegrini.it\/wp-content\/uploads\/2016\/03\/villaMarianna-PT-FR-1024x584.jpg 1024w, https:\/\/www.valicodeipellegrini.it\/wp-content\/uploads\/2016\/03\/villaMarianna-PT-FR-1200x685.jpg 1200w, https:\/\/www.valicodeipellegrini.it\/wp-content\/uploads\/2016\/03\/villaMarianna-PT-FR-924x527.jpg 924w, https:\/\/www.valicodeipellegrini.it\/wp-content\/uploads\/2016\/03\/villaMarianna-PT-FR-50x29.jpg 50w, https:\/\/www.valicodeipellegrini.it\/wp-content\/uploads\/2016\/03\/villaMarianna-PT-FR.jpg 1227w\" sizes=\"auto, (max-width: 300px) 100vw, 300px\" \/><\/a><br \/><\/div>\n<div class=\"column2 clearfix\"><p style=\"text-align: center;\"><strong>1er \u00e9tage<\/strong><\/p>\n<p><a href=\"https:\/\/www.valicodeipellegrini.it\/wp-content\/uploads\/2016\/03\/villaMarianna-P1-FR.jpg\" rel=\"attachment wp-att-5983\"><img loading=\"lazy\" decoding=\"async\" class=\"wp-image-6936 size-medium aligncenter\" src=\"https:\/\/www.valicodeipellegrini.it\/wp-content\/uploads\/2016\/03\/villaMarianna-P1-FR-300x171.jpg\" alt=\"\" width=\"300\" height=\"171\" srcset=\"https:\/\/www.valicodeipellegrini.it\/wp-content\/uploads\/2016\/03\/villaMarianna-P1-FR-300x171.jpg 300w, https:\/\/www.valicodeipellegrini.it\/wp-content\/uploads\/2016\/03\/villaMarianna-P1-FR-768x438.jpg 768w, https:\/\/www.valicodeipellegrini.it\/wp-content\/uploads\/2016\/03\/villaMarianna-P1-FR-1024x584.jpg 1024w, https:\/\/www.valicodeipellegrini.it\/wp-content\/uploads\/2016\/03\/villaMarianna-P1-FR-1200x685.jpg 1200w, https:\/\/www.valicodeipellegrini.it\/wp-content\/uploads\/2016\/03\/villaMarianna-P1-FR-924x527.jpg 924w, https:\/\/www.valicodeipellegrini.it\/wp-content\/uploads\/2016\/03\/villaMarianna-P1-FR-50x29.jpg 50w, https:\/\/www.valicodeipellegrini.it\/wp-content\/uploads\/2016\/03\/villaMarianna-P1-FR.jpg 1227w\" sizes=\"auto, (max-width: 300px) 100vw, 300px\" \/><\/a><\/p>\n<p><\/div><div class=\"clear\"><\/div>\n<div class=\"clearfix divider-common divider-blank\" style=\"padding-top:10px;padding-bottom:10px;\"><\/div>\n\n\n<div id=\"map\" style=\"width: 100%; height: 400px;\"><\/div>\n\n<div style=\"text-align: center;\"><a href=\"https:\/\/www.google.com\/maps\/dir\/?api=1&#038;destination=42.76485225841481,12.81101081869809\" target=\"_blank\" rel=\"noopener noreferrer\" style=\"display:inline-block; margin-top:12px; padding:12px 24px; background:#3478f6; color:#fff; border-radius:10px; text-decoration:none; font-weight:600;\" > Google Maps <\/a><\/div>\n\n<script>\n  const map = L.map('map').setView([42.76485225841481, 12.81101081869809], 13);\n  L.tileLayer('https:\/\/{s}.tile.openstreetmap.org\/{z}\/{x}\/{y}.png', {\n    attribution: '&copy; <a href=\"https:\/\/www.openstreetmap.org\/copyright\">OpenStreetMap<\/a>',\n    maxZoom: 19\n  }).addTo(map);\n  L.marker([42.76485225841481, 12.81101081869809]).addTo(map).bindPopup('<strong>Villa Marianna<\/strong>').openPopup();\n<\/script>\n","protected":false},"excerpt":{"rendered":"<p>Villa Marianna Capacit\u00e9 d&rsquo;accueil totale de 25 places-lits r\u00e9parties en 5 appartements. Appartement n\u00b0 1 (rez-de-chauss\u00e9e): s\u00e9jour avec coin cuisine, chambre avec 2 places-lits et canap\u00e9-lit 2 places, salle de bain. Appartements n\u00b0 2 et 3 (rez-de-chauss\u00e9e) : grand s\u00e9jour avec chemin\u00e9e, cuisine, 2 chambres avec 4 places-lits et canap\u00e9-lit 2 places, 2 salles de bain dont 1 \u00e9quip\u00e9e pour les personnes handicap\u00e9es.Les pi\u00e8ces sont indiqu\u00e9es pour chaque appartement.En outre, les deux appartements peuvent \u00eatre utilis\u00e9s en commun en ouvrant [&hellip;]<\/p>\n","protected":false},"author":1,"featured_media":0,"parent":6589,"menu_order":0,"comment_status":"closed","ping_status":"closed","template":"","meta":{"footnotes":""},"class_list":["post-6591","page","type-page","status-publish","hentry"],"yoast_head":"<!-- This site is optimized with the Yoast SEO plugin v27.0 - https:\/\/yoast.com\/product\/yoast-seo-wordpress\/ -->\n<title>Villa Marianna - Agriturismo Valico dei Pellegrini<\/title>\n<meta name=\"robots\" content=\"index, follow, max-snippet:-1, max-image-preview:large, max-video-preview:-1\" \/>\n<link rel=\"canonical\" href=\"https:\/\/www.valicodeipellegrini.it\/fr\/les-fermes\/villa-marianna\/\" \/>\n<meta property=\"og:locale\" content=\"fr_FR\" \/>\n<meta property=\"og:type\" content=\"article\" \/>\n<meta property=\"og:title\" content=\"Villa Marianna - Agriturismo Valico dei Pellegrini\" \/>\n<meta property=\"og:description\" content=\"Villa Marianna Capacit\u00e9 d&rsquo;accueil totale de 25 places-lits r\u00e9parties en 5 appartements. Appartement n\u00b0 1 (rez-de-chauss\u00e9e): s\u00e9jour avec coin cuisine, chambre avec 2 places-lits et canap\u00e9-lit 2 places, salle de bain. Appartements n\u00b0 2 et 3 (rez-de-chauss\u00e9e) : grand s\u00e9jour avec chemin\u00e9e, cuisine, 2 chambres avec 4 places-lits et canap\u00e9-lit 2 places, 2 salles de bain dont 1 \u00e9quip\u00e9e pour les personnes handicap\u00e9es.Les pi\u00e8ces sont indiqu\u00e9es pour chaque appartement.En outre, les deux appartements peuvent \u00eatre utilis\u00e9s en commun en ouvrant [&hellip;]\" \/>\n<meta property=\"og:url\" content=\"https:\/\/www.valicodeipellegrini.it\/fr\/les-fermes\/villa-marianna\/\" \/>\n<meta property=\"og:site_name\" content=\"Agriturismo Valico dei Pellegrini\" \/>\n<meta property=\"article:modified_time\" content=\"2026-04-29T09:38:32+00:00\" \/>\n<meta property=\"og:image\" content=\"https:\/\/www.valicodeipellegrini.it\/wp-content\/uploads\/2026\/04\/vm01-300x200.jpg\" \/>\n<meta name=\"twitter:card\" content=\"summary_large_image\" \/>\n<meta name=\"twitter:label1\" content=\"Dur\u00e9e de lecture estim\u00e9e\" \/>\n\t<meta name=\"twitter:data1\" content=\"6 minutes\" \/>\n<script type=\"application\/ld+json\" class=\"yoast-schema-graph\">{\"@context\":\"https:\/\/schema.org\",\"@graph\":[{\"@type\":\"WebPage\",\"@id\":\"https:\/\/www.valicodeipellegrini.it\/fr\/les-fermes\/villa-marianna\/\",\"url\":\"https:\/\/www.valicodeipellegrini.it\/fr\/les-fermes\/villa-marianna\/\",\"name\":\"Villa Marianna - Agriturismo Valico dei Pellegrini\",\"isPartOf\":{\"@id\":\"https:\/\/www.valicodeipellegrini.it\/#website\"},\"primaryImageOfPage\":{\"@id\":\"https:\/\/www.valicodeipellegrini.it\/fr\/les-fermes\/villa-marianna\/#primaryimage\"},\"image\":{\"@id\":\"https:\/\/www.valicodeipellegrini.it\/fr\/les-fermes\/villa-marianna\/#primaryimage\"},\"thumbnailUrl\":\"https:\/\/www.valicodeipellegrini.it\/wp-content\/uploads\/2026\/04\/vm01-300x200.jpg\",\"datePublished\":\"2016-03-31T10:30:15+00:00\",\"dateModified\":\"2026-04-29T09:38:32+00:00\",\"breadcrumb\":{\"@id\":\"https:\/\/www.valicodeipellegrini.it\/fr\/les-fermes\/villa-marianna\/#breadcrumb\"},\"inLanguage\":\"fr-FR\",\"potentialAction\":[{\"@type\":\"ReadAction\",\"target\":[\"https:\/\/www.valicodeipellegrini.it\/fr\/les-fermes\/villa-marianna\/\"]}]},{\"@type\":\"ImageObject\",\"inLanguage\":\"fr-FR\",\"@id\":\"https:\/\/www.valicodeipellegrini.it\/fr\/les-fermes\/villa-marianna\/#primaryimage\",\"url\":\"https:\/\/www.valicodeipellegrini.it\/wp-content\/uploads\/2026\/04\/vm01-300x200.jpg\",\"contentUrl\":\"https:\/\/www.valicodeipellegrini.it\/wp-content\/uploads\/2026\/04\/vm01-300x200.jpg\"},{\"@type\":\"BreadcrumbList\",\"@id\":\"https:\/\/www.valicodeipellegrini.it\/fr\/les-fermes\/villa-marianna\/#breadcrumb\",\"itemListElement\":[{\"@type\":\"ListItem\",\"position\":1,\"name\":\"Home\",\"item\":\"https:\/\/www.valicodeipellegrini.it\/fr\/\"},{\"@type\":\"ListItem\",\"position\":2,\"name\":\"Les fermes\",\"item\":\"https:\/\/www.valicodeipellegrini.it\/i-casali\/\"},{\"@type\":\"ListItem\",\"position\":3,\"name\":\"Villa Marianna\"}]},{\"@type\":\"WebSite\",\"@id\":\"https:\/\/www.valicodeipellegrini.it\/#website\",\"url\":\"https:\/\/www.valicodeipellegrini.it\/\",\"name\":\"Agriturismo Valico dei Pellegrini\",\"description\":\"Natura e relax in Umbria\",\"potentialAction\":[{\"@type\":\"SearchAction\",\"target\":{\"@type\":\"EntryPoint\",\"urlTemplate\":\"https:\/\/www.valicodeipellegrini.it\/?s={search_term_string}\"},\"query-input\":{\"@type\":\"PropertyValueSpecification\",\"valueRequired\":true,\"valueName\":\"search_term_string\"}}],\"inLanguage\":\"fr-FR\"}]}<\/script>\n<!-- \/ Yoast SEO plugin. -->","yoast_head_json":{"title":"Villa Marianna - Agriturismo Valico dei Pellegrini","robots":{"index":"index","follow":"follow","max-snippet":"max-snippet:-1","max-image-preview":"max-image-preview:large","max-video-preview":"max-video-preview:-1"},"canonical":"https:\/\/www.valicodeipellegrini.it\/fr\/les-fermes\/villa-marianna\/","og_locale":"fr_FR","og_type":"article","og_title":"Villa Marianna - Agriturismo Valico dei Pellegrini","og_description":"Villa Marianna Capacit\u00e9 d&rsquo;accueil totale de 25 places-lits r\u00e9parties en 5 appartements. Appartement n\u00b0 1 (rez-de-chauss\u00e9e): s\u00e9jour avec coin cuisine, chambre avec 2 places-lits et canap\u00e9-lit 2 places, salle de bain. Appartements n\u00b0 2 et 3 (rez-de-chauss\u00e9e) : grand s\u00e9jour avec chemin\u00e9e, cuisine, 2 chambres avec 4 places-lits et canap\u00e9-lit 2 places, 2 salles de bain dont 1 \u00e9quip\u00e9e pour les personnes handicap\u00e9es.Les pi\u00e8ces sont indiqu\u00e9es pour chaque appartement.En outre, les deux appartements peuvent \u00eatre utilis\u00e9s en commun en ouvrant [&hellip;]","og_url":"https:\/\/www.valicodeipellegrini.it\/fr\/les-fermes\/villa-marianna\/","og_site_name":"Agriturismo Valico dei Pellegrini","article_modified_time":"2026-04-29T09:38:32+00:00","og_image":[{"url":"https:\/\/www.valicodeipellegrini.it\/wp-content\/uploads\/2026\/04\/vm01-300x200.jpg","type":"","width":"","height":""}],"twitter_card":"summary_large_image","twitter_misc":{"Dur\u00e9e de lecture estim\u00e9e":"6 minutes"},"schema":{"@context":"https:\/\/schema.org","@graph":[{"@type":"WebPage","@id":"https:\/\/www.valicodeipellegrini.it\/fr\/les-fermes\/villa-marianna\/","url":"https:\/\/www.valicodeipellegrini.it\/fr\/les-fermes\/villa-marianna\/","name":"Villa Marianna - Agriturismo Valico dei Pellegrini","isPartOf":{"@id":"https:\/\/www.valicodeipellegrini.it\/#website"},"primaryImageOfPage":{"@id":"https:\/\/www.valicodeipellegrini.it\/fr\/les-fermes\/villa-marianna\/#primaryimage"},"image":{"@id":"https:\/\/www.valicodeipellegrini.it\/fr\/les-fermes\/villa-marianna\/#primaryimage"},"thumbnailUrl":"https:\/\/www.valicodeipellegrini.it\/wp-content\/uploads\/2026\/04\/vm01-300x200.jpg","datePublished":"2016-03-31T10:30:15+00:00","dateModified":"2026-04-29T09:38:32+00:00","breadcrumb":{"@id":"https:\/\/www.valicodeipellegrini.it\/fr\/les-fermes\/villa-marianna\/#breadcrumb"},"inLanguage":"fr-FR","potentialAction":[{"@type":"ReadAction","target":["https:\/\/www.valicodeipellegrini.it\/fr\/les-fermes\/villa-marianna\/"]}]},{"@type":"ImageObject","inLanguage":"fr-FR","@id":"https:\/\/www.valicodeipellegrini.it\/fr\/les-fermes\/villa-marianna\/#primaryimage","url":"https:\/\/www.valicodeipellegrini.it\/wp-content\/uploads\/2026\/04\/vm01-300x200.jpg","contentUrl":"https:\/\/www.valicodeipellegrini.it\/wp-content\/uploads\/2026\/04\/vm01-300x200.jpg"},{"@type":"BreadcrumbList","@id":"https:\/\/www.valicodeipellegrini.it\/fr\/les-fermes\/villa-marianna\/#breadcrumb","itemListElement":[{"@type":"ListItem","position":1,"name":"Home","item":"https:\/\/www.valicodeipellegrini.it\/fr\/"},{"@type":"ListItem","position":2,"name":"Les fermes","item":"https:\/\/www.valicodeipellegrini.it\/i-casali\/"},{"@type":"ListItem","position":3,"name":"Villa Marianna"}]},{"@type":"WebSite","@id":"https:\/\/www.valicodeipellegrini.it\/#website","url":"https:\/\/www.valicodeipellegrini.it\/","name":"Agriturismo Valico dei Pellegrini","description":"Natura e relax in Umbria","potentialAction":[{"@type":"SearchAction","target":{"@type":"EntryPoint","urlTemplate":"https:\/\/www.valicodeipellegrini.it\/?s={search_term_string}"},"query-input":{"@type":"PropertyValueSpecification","valueRequired":true,"valueName":"search_term_string"}}],"inLanguage":"fr-FR"}]}},"_links":{"self":[{"href":"https:\/\/www.valicodeipellegrini.it\/fr\/wp-json\/wp\/v2\/pages\/6591","targetHints":{"allow":["GET"]}}],"collection":[{"href":"https:\/\/www.valicodeipellegrini.it\/fr\/wp-json\/wp\/v2\/pages"}],"about":[{"href":"https:\/\/www.valicodeipellegrini.it\/fr\/wp-json\/wp\/v2\/types\/page"}],"author":[{"embeddable":true,"href":"https:\/\/www.valicodeipellegrini.it\/fr\/wp-json\/wp\/v2\/users\/1"}],"replies":[{"embeddable":true,"href":"https:\/\/www.valicodeipellegrini.it\/fr\/wp-json\/wp\/v2\/comments?post=6591"}],"version-history":[{"count":9,"href":"https:\/\/www.valicodeipellegrini.it\/fr\/wp-json\/wp\/v2\/pages\/6591\/revisions"}],"predecessor-version":[{"id":7575,"href":"https:\/\/www.valicodeipellegrini.it\/fr\/wp-json\/wp\/v2\/pages\/6591\/revisions\/7575"}],"up":[{"embeddable":true,"href":"https:\/\/www.valicodeipellegrini.it\/fr\/wp-json\/wp\/v2\/pages\/6589"}],"wp:attachment":[{"href":"https:\/\/www.valicodeipellegrini.it\/fr\/wp-json\/wp\/v2\/media?parent=6591"}],"curies":[{"name":"wp","href":"https:\/\/api.w.org\/{rel}","templated":true}]}}