{"id":6625,"date":"2016-03-31T11:13:51","date_gmt":"2016-03-31T11:13:51","guid":{"rendered":"https:\/\/www.valicodeipellegrini.it\/es\/?page_id=6625"},"modified":"2026-04-21T21:18:06","modified_gmt":"2026-04-21T21:18:06","slug":"villa-marianna","status":"publish","type":"page","link":"https:\/\/www.valicodeipellegrini.it\/es\/las-casas-de-campo\/villa-marianna\/","title":{"rendered":"Villa Marianna"},"content":{"rendered":"<h1 style=\"text-align: center;\">Villa Marianna<\/h1>\n<div class=\"clearfix divider-common divider-blank\" style=\"padding-top:20px;padding-bottom:20px;\"><\/div>\n<h2 style=\"text-align: center;\">25 camas totales divididas en 5 apartamentos<\/h2>\n\n<div class=\"column3 column_space\"><a href=\"https:\/\/www.valicodeipellegrini.it\/wp-content\/uploads\/2026\/04\/vm01.jpg\"><img loading=\"lazy\" decoding=\"async\" class=\"size-medium aligncenter\" src=\"https:\/\/www.valicodeipellegrini.it\/wp-content\/uploads\/2026\/04\/vm01-300x200.jpg\" alt=\"vm01\" width=\"300\" height=\"200\" \/><\/a><\/div> <div class=\"column3 column_space\"><a href=\"https:\/\/www.valicodeipellegrini.it\/wp-content\/uploads\/2026\/04\/vm02.jpg\"><img loading=\"lazy\" decoding=\"async\" class=\"size-medium aligncenter\" src=\"https:\/\/www.valicodeipellegrini.it\/wp-content\/uploads\/2026\/04\/vm02-300x190.jpg\" alt=\"vm02\" width=\"300\" height=\"190\" \/><\/a><\/div> <div class=\"column3 clearfix\"><a href=\"https:\/\/www.valicodeipellegrini.it\/wp-content\/uploads\/2026\/04\/vm03.jpg\"><img loading=\"lazy\" decoding=\"async\" class=\"size-medium aligncenter\" src=\"https:\/\/www.valicodeipellegrini.it\/wp-content\/uploads\/2026\/04\/vm03-300x209.jpg\" alt=\"vm03\" width=\"300\" height=\"209\" \/><\/a><\/div><div class=\"clear\"><\/div>\n<div class=\"column3 column_space\"><a href=\"https:\/\/www.valicodeipellegrini.it\/wp-content\/uploads\/2026\/04\/vm04.jpg\"><img loading=\"lazy\" decoding=\"async\" class=\"size-medium aligncenter\" src=\"https:\/\/www.valicodeipellegrini.it\/wp-content\/uploads\/2026\/04\/vm04-300x225.jpg\" alt=\"vm04\" width=\"300\" height=\"225\" \/><\/a><\/div> <div class=\"column3 column_space\"><a href=\"https:\/\/www.valicodeipellegrini.it\/wp-content\/uploads\/2026\/04\/vm05.jpg\"><img loading=\"lazy\" decoding=\"async\" class=\"size-medium aligncenter\" src=\"https:\/\/www.valicodeipellegrini.it\/wp-content\/uploads\/2026\/04\/vm05-300x224.jpg\" alt=\"vm05\" width=\"300\" height=\"224\" \/><\/a><\/div> <div class=\"column3 clearfix\"><a href=\"https:\/\/www.valicodeipellegrini.it\/wp-content\/uploads\/2026\/04\/vm06.jpg\"><img loading=\"lazy\" decoding=\"async\" class=\"size-medium aligncenter\" src=\"https:\/\/www.valicodeipellegrini.it\/wp-content\/uploads\/2026\/04\/vm06-300x200.jpg\" alt=\"vm06\" width=\"300\" height=\"200\" \/><\/a><\/div><div class=\"clear\"><\/div>\n<div class=\"column3 column_space\"><a href=\"https:\/\/www.valicodeipellegrini.it\/wp-content\/uploads\/2026\/04\/vm07.jpg\"><img loading=\"lazy\" decoding=\"async\" class=\"size-medium aligncenter\" src=\"https:\/\/www.valicodeipellegrini.it\/wp-content\/uploads\/2026\/04\/vm07-300x205.jpg\" alt=\"vm07\" width=\"300\" height=\"205\" \/><\/a><\/div> <div class=\"column3 column_space\"><a href=\"https:\/\/www.valicodeipellegrini.it\/wp-content\/uploads\/2026\/04\/vm08.jpg\"><img loading=\"lazy\" decoding=\"async\" class=\"size-medium aligncenter\" src=\"https:\/\/www.valicodeipellegrini.it\/wp-content\/uploads\/2026\/04\/vm08-300x200.jpg\" alt=\"vm08\" width=\"300\" height=\"200\" \/><\/a><\/div> <div class=\"column3 clearfix\"><a href=\"https:\/\/www.valicodeipellegrini.it\/wp-content\/uploads\/2026\/04\/vm09.jpg\"><img loading=\"lazy\" decoding=\"async\" class=\"size-medium aligncenter\" src=\"https:\/\/www.valicodeipellegrini.it\/wp-content\/uploads\/2026\/04\/vm09-300x224.jpg\" alt=\"vm09\" width=\"300\" height=\"224\" \/><\/a><\/div><div class=\"clear\"><\/div>\n<div class=\"column3 column_space\"><a href=\"https:\/\/www.valicodeipellegrini.it\/wp-content\/uploads\/2026\/04\/vm10.jpg\"><img loading=\"lazy\" decoding=\"async\" class=\"size-medium aligncenter\" src=\"https:\/\/www.valicodeipellegrini.it\/wp-content\/uploads\/2026\/04\/vm10-300x200.jpg\" alt=\"vm10\" width=\"300\" height=\"200\" \/><\/a><\/div> <div class=\"column3 column_space\"><a href=\"https:\/\/www.valicodeipellegrini.it\/wp-content\/uploads\/2026\/04\/vm11.jpg\"><img loading=\"lazy\" decoding=\"async\" class=\"size-medium aligncenter\" src=\"https:\/\/www.valicodeipellegrini.it\/wp-content\/uploads\/2026\/04\/vm11-300x200.jpg\" alt=\"vm11\" width=\"300\" height=\"200\" \/><\/a><\/div> <div class=\"column3 clearfix\"><a href=\"https:\/\/www.valicodeipellegrini.it\/wp-content\/uploads\/2026\/04\/vm12.jpg\"><img loading=\"lazy\" decoding=\"async\" class=\"size-medium aligncenter\" src=\"https:\/\/www.valicodeipellegrini.it\/wp-content\/uploads\/2026\/04\/vm12-224x300.jpg\" alt=\"vm12\" width=\"224\" height=\"300\" \/><\/a><\/div><div class=\"clear\"><\/div>\n<div class=\"column3 column_space\"><a href=\"https:\/\/www.valicodeipellegrini.it\/wp-content\/uploads\/2026\/04\/vm13.jpg\"><img loading=\"lazy\" decoding=\"async\" class=\"size-medium aligncenter\" src=\"https:\/\/www.valicodeipellegrini.it\/wp-content\/uploads\/2026\/04\/vm13-300x200.jpg\" alt=\"vm13\" width=\"300\" height=\"200\" \/><\/a><\/div> <div class=\"column3 column_space\"><a href=\"https:\/\/www.valicodeipellegrini.it\/wp-content\/uploads\/2026\/04\/vm14.jpg\"><img loading=\"lazy\" decoding=\"async\" class=\"size-medium aligncenter\" src=\"https:\/\/www.valicodeipellegrini.it\/wp-content\/uploads\/2026\/04\/vm14-300x141.jpg\" alt=\"vm14\" width=\"300\" height=\"141\" \/><\/a><\/div> <div class=\"column3 clearfix\"><a href=\"https:\/\/www.valicodeipellegrini.it\/wp-content\/uploads\/2026\/04\/vm15.jpg\"><img loading=\"lazy\" decoding=\"async\" class=\"size-medium aligncenter\" src=\"https:\/\/www.valicodeipellegrini.it\/wp-content\/uploads\/2026\/04\/vm15-300x224.jpg\" alt=\"vm15\" width=\"300\" height=\"224\" \/><\/a><\/div><div class=\"clear\"><\/div>\n<div class=\"column3 column_space\"><a href=\"https:\/\/www.valicodeipellegrini.it\/wp-content\/uploads\/2026\/04\/vm16.jpg\"><img loading=\"lazy\" decoding=\"async\" class=\"size-medium aligncenter\" src=\"https:\/\/www.valicodeipellegrini.it\/wp-content\/uploads\/2026\/04\/vm16-300x224.jpg\" alt=\"vm16\" width=\"300\" height=\"224\" \/><\/a><\/div> <div class=\"column3 column_space\"><a href=\"https:\/\/www.valicodeipellegrini.it\/wp-content\/uploads\/2026\/04\/vm17.jpg\"><img loading=\"lazy\" decoding=\"async\" class=\"size-medium aligncenter\" src=\"https:\/\/www.valicodeipellegrini.it\/wp-content\/uploads\/2026\/04\/vm17-300x161.jpg\" alt=\"vm17\" width=\"300\" height=\"161\" \/><\/a><\/div> <div class=\"column3 clearfix\"><a href=\"https:\/\/www.valicodeipellegrini.it\/wp-content\/uploads\/2026\/04\/vm18.jpg\"><img loading=\"lazy\" decoding=\"async\" class=\"size-medium aligncenter\" src=\"https:\/\/www.valicodeipellegrini.it\/wp-content\/uploads\/2026\/04\/vm18-300x180.jpg\" alt=\"vm18\" width=\"300\" height=\"180\" \/><\/a><\/div><div class=\"clear\"><\/div>\n\n<div class=\"column2 column_space\"><p><div style=\"width: 756px;\" class=\"wp-video\"><video class=\"wp-video-shortcode\" id=\"video-6625-1\" width=\"756\" height=\"340\" preload=\"metadata\" controls=\"controls\"><source type=\"video\/mp4\" src=\"https:\/\/www.valicodeipellegrini.it\/wp-content\/uploads\/2026\/04\/20251118_163816.mp4?_=1\" \/><a href=\"https:\/\/www.valicodeipellegrini.it\/wp-content\/uploads\/2026\/04\/20251118_163816.mp4\">https:\/\/www.valicodeipellegrini.it\/wp-content\/uploads\/2026\/04\/20251118_163816.mp4<\/a><\/video><\/div><\/p>\n<p><\/div>\n<div class=\"column2 clearfix\"><p><div style=\"width: 756px;\" class=\"wp-video\"><video class=\"wp-video-shortcode\" id=\"video-6625-2\" width=\"756\" height=\"340\" preload=\"metadata\" controls=\"controls\"><source type=\"video\/mp4\" src=\"https:\/\/www.valicodeipellegrini.it\/wp-content\/uploads\/2026\/04\/20251118_163854.mp4?_=2\" \/><a href=\"https:\/\/www.valicodeipellegrini.it\/wp-content\/uploads\/2026\/04\/20251118_163854.mp4\">https:\/\/www.valicodeipellegrini.it\/wp-content\/uploads\/2026\/04\/20251118_163854.mp4<\/a><\/video><\/div><\/p>\n<p><\/div><div class=\"clear\"><\/div>\n<div class=\"column2 column_space\"><p><div style=\"width: 756px;\" class=\"wp-video\"><video class=\"wp-video-shortcode\" id=\"video-6625-3\" width=\"756\" height=\"340\" preload=\"metadata\" controls=\"controls\"><source type=\"video\/mp4\" src=\"https:\/\/www.valicodeipellegrini.it\/wp-content\/uploads\/2026\/04\/video1.mp4?_=3\" \/><a href=\"https:\/\/www.valicodeipellegrini.it\/wp-content\/uploads\/2026\/04\/video1.mp4\">https:\/\/www.valicodeipellegrini.it\/wp-content\/uploads\/2026\/04\/video1.mp4<\/a><\/video><\/div><\/p>\n<p><\/div>\n<div class=\"column2 clearfix\"><p><div style=\"width: 756px;\" class=\"wp-video\"><video class=\"wp-video-shortcode\" id=\"video-6625-4\" width=\"756\" height=\"340\" preload=\"metadata\" controls=\"controls\"><source type=\"video\/mp4\" src=\"https:\/\/www.valicodeipellegrini.it\/wp-content\/uploads\/2026\/04\/video2.mp4?_=4\" \/><a href=\"https:\/\/www.valicodeipellegrini.it\/wp-content\/uploads\/2026\/04\/video2.mp4\">https:\/\/www.valicodeipellegrini.it\/wp-content\/uploads\/2026\/04\/video2.mp4<\/a><\/video><\/div><\/p>\n<p><\/div><div class=\"clear\"><\/div>\n<div class=\"column2 column_space\"><p><div style=\"width: 756px;\" class=\"wp-video\"><video class=\"wp-video-shortcode\" id=\"video-6625-5\" width=\"756\" height=\"340\" preload=\"metadata\" controls=\"controls\"><source type=\"video\/mp4\" src=\"https:\/\/www.valicodeipellegrini.it\/wp-content\/uploads\/2026\/04\/video3.mp4?_=5\" \/><a href=\"https:\/\/www.valicodeipellegrini.it\/wp-content\/uploads\/2026\/04\/video3.mp4\">https:\/\/www.valicodeipellegrini.it\/wp-content\/uploads\/2026\/04\/video3.mp4<\/a><\/video><\/div><\/p>\n<p><\/div>\n<div class=\"column2 clearfix\"><p><div style=\"width: 756px;\" class=\"wp-video\"><video class=\"wp-video-shortcode\" id=\"video-6625-6\" width=\"756\" height=\"340\" preload=\"metadata\" controls=\"controls\"><source type=\"video\/mp4\" src=\"https:\/\/www.valicodeipellegrini.it\/wp-content\/uploads\/2026\/04\/video4.mp4?_=6\" \/><a href=\"https:\/\/www.valicodeipellegrini.it\/wp-content\/uploads\/2026\/04\/video4.mp4\">https:\/\/www.valicodeipellegrini.it\/wp-content\/uploads\/2026\/04\/video4.mp4<\/a><\/video><\/div><\/p>\n<p><\/div><div class=\"clear\"><\/div>\n<p><strong>Apartamento n.\u00ba 1 <\/strong>(planta baja): sala de estar cocina, habitaci\u00f3n con 2 camas m\u00e1s sof\u00e1 cama doble, ba\u00f1o.<\/p>\n<p><strong>Apartamentos n.\u00ba 2 y 3<\/strong> (planta baja): amplia sala de estar con chimenea, cocina 2 habitaciones con 4 camas m\u00e1s sof\u00e1 cama doble, 2 ba\u00f1os, uno de ellos destinado a personas con necesidades especiales. Los cuartos indicados con para cada apartamento. Cabe decir que los dos apartamentos pueden utilizarse de forma comunitaria abriendo una puerta que los separa, o bien por separado, manteniendo la puerta cerrada.<\/p>\n<p><strong>Apartamento n.\u00ba 4<\/strong> (primer piso): amplia sala de estar con chimenea, cocina, 3 habitaciones 9 camas m\u00e1s sof\u00e1 cama doble, 2 ba\u00f1os, amplio balc\u00f3n con vistas al valle.<\/p>\n<p><strong>Apartamento n.\u00ba 5<\/strong> (primer piso): amplia sala de estar con chimenea, cocina, 3 habitaciones con 6 camas m\u00e1s sof\u00e1 cama doble, 2 ba\u00f1os.<\/p>\n<p>Se puede hacer la reserva de uno o varios apartamentos, o de toda la estructura.<\/p>\n<p>En el semis\u00f3tano se encuentra el restaurante rural con la cocina campesina de la regi\u00f3n de la Umbr\u00eda (bajo pedido).<\/p>\n<div class=\"pricing-table clearfix\">\n<div class=\"App1-villaMarianna\"><div class=\"pricing-column-target column5 pricing_highlight\"><div class=\"pricing-column-type-1 pricing-column\"><ul><li class=\"pricing-title\">Apartamento 1<\/li><li class=\"pricing-price\"><span class=\"pricing-currency\">Planta Baja<\/span><span class=\"pricing-suffix\"><\/span><\/li><li class=\"pricing-duration\"><\/li><li class=\"pricing-row\">2 camas<\/li><li class=\"pricing-row\">1\u00a0ba\u00f1o<\/li><li class=\"pricing-row\">Sala de estar<\/li><li class=\"pricing-row\">Cocina<\/li><\/ul><\/div><\/div><\/div>\n<div class=\"App2-villaMarianna\"><div class=\"pricing-column-target column5 pricing_highlight\"><div class=\"pricing-column-type-1 pricing-column\"><ul><li class=\"pricing-title\">Apartamento 2<\/li><li class=\"pricing-price\"><span class=\"pricing-currency\">Planta Baja<\/span><span class=\"pricing-suffix\"><\/span><\/li><li class=\"pricing-duration\"><\/li><li class=\"pricing-row\">4 camas<\/li><li class=\"pricing-row\">1 ba\u00f1o<\/li><li class=\"pricing-row\">Sala de estar<\/li><li class=\"pricing-row\">Cocina<\/li><\/ul><\/div><\/div><\/div>\n<div class=\"App3-villaMarianna\"><div class=\"pricing-column-target column5 pricing_highlight\"><div class=\"pricing-column-type-1 pricing-column\"><ul><li class=\"pricing-title\">Apartamento 3<\/li><li class=\"pricing-price\"><span class=\"pricing-currency\">Planta Baja<\/span><span class=\"pricing-suffix\"><\/span><\/li><li class=\"pricing-duration\"><\/li><li class=\"pricing-row\">4 camas<\/li><li class=\"pricing-row\">1 ba\u00f1o<\/li><li class=\"pricing-row\">Sala de estar<\/li><li class=\"pricing-row\">Cocina<\/li><\/ul><\/div><\/div><\/div>\n<div class=\"App4-villaMarianna\">\n<div class=\"pricing-column-target column5 pricing_highlight\"><div class=\"pricing-column-type-1 pricing-column\"><ul><li class=\"pricing-title\">Apartamento 4<\/li><li class=\"pricing-price\"><span class=\"pricing-currency\">Primer Piso<\/span><span class=\"pricing-suffix\"><\/span><\/li><li class=\"pricing-duration\"><\/li><li class=\"pricing-row\">9 camas<\/li>\n<li class=\"pricing-row\">2 ba\u00f1os<\/li><li class=\"pricing-row\">Sala de estar<\/li><li class=\"pricing-row\">Cocina<\/li><\/ul><\/div><\/div>\n<\/div>\n<div class=\"App5-villaMarianna\"><div class=\"pricing-column-target column5 pricing_highlight\"><div class=\"pricing-column-type-1 pricing-column\"><ul><li class=\"pricing-title\">Apartamento 5<\/li><li class=\"pricing-price\"><span class=\"pricing-currency\">Primer Piso<\/span><span class=\"pricing-suffix\"><\/span><\/li><li class=\"pricing-duration\"><\/li><li class=\"pricing-row\">6 camas<\/li><li class=\"pricing-row\">2 ba\u00f1os<\/li><li class=\"pricing-row\">Sala de estar<\/li><li class=\"pricing-row\">Cocina<\/li><\/ul><\/div><\/div><\/div>\n<p><\/div>\n<div class=\"clearfix divider-common divider-blank\" style=\"padding-top:10px;padding-bottom:10px;\"><\/div>\n<div class=\"column2 column_space\"><p style=\"text-align: center;\"><strong>Planta Baja<\/strong><\/p>\n<p style=\"text-align: center;\"><a href=\"https:\/\/www.valicodeipellegrini.it\/wp-content\/uploads\/2016\/03\/villaMarianna-PT-ES.jpg\" rel=\"attachment wp-att-5979\"><img loading=\"lazy\" decoding=\"async\" class=\"alignnone wp-image-6964 size-medium\" src=\"https:\/\/www.valicodeipellegrini.it\/wp-content\/uploads\/2016\/03\/villaMarianna-PT-ES-300x171.jpg\" alt=\"\" width=\"300\" height=\"171\" srcset=\"https:\/\/www.valicodeipellegrini.it\/wp-content\/uploads\/2016\/03\/villaMarianna-PT-ES-300x171.jpg 300w, https:\/\/www.valicodeipellegrini.it\/wp-content\/uploads\/2016\/03\/villaMarianna-PT-ES-768x438.jpg 768w, https:\/\/www.valicodeipellegrini.it\/wp-content\/uploads\/2016\/03\/villaMarianna-PT-ES-1024x584.jpg 1024w, https:\/\/www.valicodeipellegrini.it\/wp-content\/uploads\/2016\/03\/villaMarianna-PT-ES-1200x685.jpg 1200w, https:\/\/www.valicodeipellegrini.it\/wp-content\/uploads\/2016\/03\/villaMarianna-PT-ES-924x527.jpg 924w, https:\/\/www.valicodeipellegrini.it\/wp-content\/uploads\/2016\/03\/villaMarianna-PT-ES-50x29.jpg 50w, https:\/\/www.valicodeipellegrini.it\/wp-content\/uploads\/2016\/03\/villaMarianna-PT-ES.jpg 1227w\" sizes=\"auto, (max-width: 300px) 100vw, 300px\" \/><\/a><br \/><\/div>\n<div class=\"column2 clearfix\"><p style=\"text-align: center;\"><strong>Primer Piso<\/strong><\/p>\n<p><a href=\"https:\/\/www.valicodeipellegrini.it\/wp-content\/uploads\/2016\/03\/villaMarianna-P1-ES.jpg\" rel=\"attachment wp-att-5983\"><img loading=\"lazy\" decoding=\"async\" class=\"wp-image-6969 size-medium aligncenter\" src=\"https:\/\/www.valicodeipellegrini.it\/wp-content\/uploads\/2016\/03\/villaMarianna-P1-ES-300x171.jpg\" alt=\"\" width=\"300\" height=\"171\" srcset=\"https:\/\/www.valicodeipellegrini.it\/wp-content\/uploads\/2016\/03\/villaMarianna-P1-ES-300x171.jpg 300w, https:\/\/www.valicodeipellegrini.it\/wp-content\/uploads\/2016\/03\/villaMarianna-P1-ES-768x438.jpg 768w, https:\/\/www.valicodeipellegrini.it\/wp-content\/uploads\/2016\/03\/villaMarianna-P1-ES-1024x584.jpg 1024w, https:\/\/www.valicodeipellegrini.it\/wp-content\/uploads\/2016\/03\/villaMarianna-P1-ES-1200x685.jpg 1200w, https:\/\/www.valicodeipellegrini.it\/wp-content\/uploads\/2016\/03\/villaMarianna-P1-ES-924x527.jpg 924w, https:\/\/www.valicodeipellegrini.it\/wp-content\/uploads\/2016\/03\/villaMarianna-P1-ES-50x29.jpg 50w, https:\/\/www.valicodeipellegrini.it\/wp-content\/uploads\/2016\/03\/villaMarianna-P1-ES.jpg 1227w\" sizes=\"auto, (max-width: 300px) 100vw, 300px\" \/><\/a><\/p>\n<p><\/div><div class=\"clear\"><\/div>\n<div class=\"clearfix divider-common divider-blank\" style=\"padding-top:10px;padding-bottom:10px;\"><\/div>\n\n\n<div id=\"map\" style=\"width: 100%; height: 400px;\"><\/div>\n\n<div style=\"text-align: center;\"><a href=\"https:\/\/www.google.com\/maps\/dir\/?api=1&#038;destination=42.76485225841481,12.81101081869809\" target=\"_blank\" rel=\"noopener noreferrer\" style=\"display:inline-block; margin-top:12px; padding:12px 24px; background:#3478f6; color:#fff; border-radius:10px; text-decoration:none; font-weight:600;\" > Google Maps <\/a><\/div>\n\n<script>\n  const map = L.map('map').setView([42.76485225841481, 12.81101081869809], 13);\n  L.tileLayer('https:\/\/{s}.tile.openstreetmap.org\/{z}\/{x}\/{y}.png', {\n    attribution: '&copy; <a href=\"https:\/\/www.openstreetmap.org\/copyright\">OpenStreetMap<\/a>',\n    maxZoom: 19\n  }).addTo(map);\n  L.marker([42.76485225841481, 12.81101081869809]).addTo(map).bindPopup('<strong>Villa Marianna<\/strong>').openPopup();\n<\/script>\n","protected":false},"excerpt":{"rendered":"<p>Villa Marianna 25 camas totales divididas en 5 apartamentos Apartamento n.\u00ba 1 (planta baja): sala de estar cocina, habitaci\u00f3n con 2 camas m\u00e1s sof\u00e1 cama doble, ba\u00f1o. Apartamentos n.\u00ba 2 y 3 (planta baja): amplia sala de estar con chimenea, cocina 2 habitaciones con 4 camas m\u00e1s sof\u00e1 cama doble, 2 ba\u00f1os, uno de ellos destinado a personas con necesidades especiales. Los cuartos indicados con para cada apartamento. Cabe decir que los dos apartamentos pueden utilizarse de forma comunitaria abriendo [&hellip;]<\/p>\n","protected":false},"author":1,"featured_media":0,"parent":6623,"menu_order":0,"comment_status":"closed","ping_status":"closed","template":"","meta":{"footnotes":""},"class_list":["post-6625","page","type-page","status-publish","hentry"],"yoast_head":"<!-- This site is optimized with the Yoast SEO plugin v27.0 - https:\/\/yoast.com\/product\/yoast-seo-wordpress\/ -->\n<title>Villa Marianna - Agriturismo Valico dei Pellegrini<\/title>\n<meta name=\"robots\" content=\"index, follow, max-snippet:-1, max-image-preview:large, max-video-preview:-1\" \/>\n<link rel=\"canonical\" href=\"https:\/\/www.valicodeipellegrini.it\/es\/las-casas-de-campo\/villa-marianna\/\" \/>\n<meta property=\"og:locale\" content=\"es_ES\" \/>\n<meta property=\"og:type\" content=\"article\" \/>\n<meta property=\"og:title\" content=\"Villa Marianna - Agriturismo Valico dei Pellegrini\" \/>\n<meta property=\"og:description\" content=\"Villa Marianna 25 camas totales divididas en 5 apartamentos Apartamento n.\u00ba 1 (planta baja): sala de estar cocina, habitaci\u00f3n con 2 camas m\u00e1s sof\u00e1 cama doble, ba\u00f1o. Apartamentos n.\u00ba 2 y 3 (planta baja): amplia sala de estar con chimenea, cocina 2 habitaciones con 4 camas m\u00e1s sof\u00e1 cama doble, 2 ba\u00f1os, uno de ellos destinado a personas con necesidades especiales. Los cuartos indicados con para cada apartamento. Cabe decir que los dos apartamentos pueden utilizarse de forma comunitaria abriendo [&hellip;]\" \/>\n<meta property=\"og:url\" content=\"https:\/\/www.valicodeipellegrini.it\/es\/las-casas-de-campo\/villa-marianna\/\" \/>\n<meta property=\"og:site_name\" content=\"Agriturismo Valico dei Pellegrini\" \/>\n<meta property=\"article:modified_time\" content=\"2026-04-21T21:18:06+00:00\" \/>\n<meta property=\"og:image\" content=\"https:\/\/www.valicodeipellegrini.it\/wp-content\/uploads\/2026\/04\/vm01-300x200.jpg\" \/>\n<meta name=\"twitter:card\" content=\"summary_large_image\" \/>\n<meta name=\"twitter:label1\" content=\"Tiempo de lectura\" \/>\n\t<meta name=\"twitter:data1\" content=\"6 minutos\" \/>\n<script type=\"application\/ld+json\" class=\"yoast-schema-graph\">{\"@context\":\"https:\/\/schema.org\",\"@graph\":[{\"@type\":\"WebPage\",\"@id\":\"https:\/\/www.valicodeipellegrini.it\/es\/las-casas-de-campo\/villa-marianna\/\",\"url\":\"https:\/\/www.valicodeipellegrini.it\/es\/las-casas-de-campo\/villa-marianna\/\",\"name\":\"Villa Marianna - Agriturismo Valico dei Pellegrini\",\"isPartOf\":{\"@id\":\"https:\/\/www.valicodeipellegrini.it\/#website\"},\"primaryImageOfPage\":{\"@id\":\"https:\/\/www.valicodeipellegrini.it\/es\/las-casas-de-campo\/villa-marianna\/#primaryimage\"},\"image\":{\"@id\":\"https:\/\/www.valicodeipellegrini.it\/es\/las-casas-de-campo\/villa-marianna\/#primaryimage\"},\"thumbnailUrl\":\"https:\/\/www.valicodeipellegrini.it\/wp-content\/uploads\/2026\/04\/vm01-300x200.jpg\",\"datePublished\":\"2016-03-31T11:13:51+00:00\",\"dateModified\":\"2026-04-21T21:18:06+00:00\",\"breadcrumb\":{\"@id\":\"https:\/\/www.valicodeipellegrini.it\/es\/las-casas-de-campo\/villa-marianna\/#breadcrumb\"},\"inLanguage\":\"es\",\"potentialAction\":[{\"@type\":\"ReadAction\",\"target\":[\"https:\/\/www.valicodeipellegrini.it\/es\/las-casas-de-campo\/villa-marianna\/\"]}]},{\"@type\":\"ImageObject\",\"inLanguage\":\"es\",\"@id\":\"https:\/\/www.valicodeipellegrini.it\/es\/las-casas-de-campo\/villa-marianna\/#primaryimage\",\"url\":\"https:\/\/www.valicodeipellegrini.it\/wp-content\/uploads\/2026\/04\/vm01-300x200.jpg\",\"contentUrl\":\"https:\/\/www.valicodeipellegrini.it\/wp-content\/uploads\/2026\/04\/vm01-300x200.jpg\"},{\"@type\":\"BreadcrumbList\",\"@id\":\"https:\/\/www.valicodeipellegrini.it\/es\/las-casas-de-campo\/villa-marianna\/#breadcrumb\",\"itemListElement\":[{\"@type\":\"ListItem\",\"position\":1,\"name\":\"Home\",\"item\":\"https:\/\/www.valicodeipellegrini.it\/es\/\"},{\"@type\":\"ListItem\",\"position\":2,\"name\":\"I Casali\",\"item\":\"https:\/\/www.valicodeipellegrini.it\/es\/las-casas-de-campo\/\"},{\"@type\":\"ListItem\",\"position\":3,\"name\":\"Villa Marianna\"}]},{\"@type\":\"WebSite\",\"@id\":\"https:\/\/www.valicodeipellegrini.it\/#website\",\"url\":\"https:\/\/www.valicodeipellegrini.it\/\",\"name\":\"Agriturismo Valico dei Pellegrini\",\"description\":\"Natura e relax in Umbria\",\"potentialAction\":[{\"@type\":\"SearchAction\",\"target\":{\"@type\":\"EntryPoint\",\"urlTemplate\":\"https:\/\/www.valicodeipellegrini.it\/?s={search_term_string}\"},\"query-input\":{\"@type\":\"PropertyValueSpecification\",\"valueRequired\":true,\"valueName\":\"search_term_string\"}}],\"inLanguage\":\"es\"}]}<\/script>\n<!-- \/ Yoast SEO plugin. -->","yoast_head_json":{"title":"Villa Marianna - Agriturismo Valico dei Pellegrini","robots":{"index":"index","follow":"follow","max-snippet":"max-snippet:-1","max-image-preview":"max-image-preview:large","max-video-preview":"max-video-preview:-1"},"canonical":"https:\/\/www.valicodeipellegrini.it\/es\/las-casas-de-campo\/villa-marianna\/","og_locale":"es_ES","og_type":"article","og_title":"Villa Marianna - Agriturismo Valico dei Pellegrini","og_description":"Villa Marianna 25 camas totales divididas en 5 apartamentos Apartamento n.\u00ba 1 (planta baja): sala de estar cocina, habitaci\u00f3n con 2 camas m\u00e1s sof\u00e1 cama doble, ba\u00f1o. Apartamentos n.\u00ba 2 y 3 (planta baja): amplia sala de estar con chimenea, cocina 2 habitaciones con 4 camas m\u00e1s sof\u00e1 cama doble, 2 ba\u00f1os, uno de ellos destinado a personas con necesidades especiales. Los cuartos indicados con para cada apartamento. Cabe decir que los dos apartamentos pueden utilizarse de forma comunitaria abriendo [&hellip;]","og_url":"https:\/\/www.valicodeipellegrini.it\/es\/las-casas-de-campo\/villa-marianna\/","og_site_name":"Agriturismo Valico dei Pellegrini","article_modified_time":"2026-04-21T21:18:06+00:00","og_image":[{"url":"https:\/\/www.valicodeipellegrini.it\/wp-content\/uploads\/2026\/04\/vm01-300x200.jpg","type":"","width":"","height":""}],"twitter_card":"summary_large_image","twitter_misc":{"Tiempo de lectura":"6 minutos"},"schema":{"@context":"https:\/\/schema.org","@graph":[{"@type":"WebPage","@id":"https:\/\/www.valicodeipellegrini.it\/es\/las-casas-de-campo\/villa-marianna\/","url":"https:\/\/www.valicodeipellegrini.it\/es\/las-casas-de-campo\/villa-marianna\/","name":"Villa Marianna - Agriturismo Valico dei Pellegrini","isPartOf":{"@id":"https:\/\/www.valicodeipellegrini.it\/#website"},"primaryImageOfPage":{"@id":"https:\/\/www.valicodeipellegrini.it\/es\/las-casas-de-campo\/villa-marianna\/#primaryimage"},"image":{"@id":"https:\/\/www.valicodeipellegrini.it\/es\/las-casas-de-campo\/villa-marianna\/#primaryimage"},"thumbnailUrl":"https:\/\/www.valicodeipellegrini.it\/wp-content\/uploads\/2026\/04\/vm01-300x200.jpg","datePublished":"2016-03-31T11:13:51+00:00","dateModified":"2026-04-21T21:18:06+00:00","breadcrumb":{"@id":"https:\/\/www.valicodeipellegrini.it\/es\/las-casas-de-campo\/villa-marianna\/#breadcrumb"},"inLanguage":"es","potentialAction":[{"@type":"ReadAction","target":["https:\/\/www.valicodeipellegrini.it\/es\/las-casas-de-campo\/villa-marianna\/"]}]},{"@type":"ImageObject","inLanguage":"es","@id":"https:\/\/www.valicodeipellegrini.it\/es\/las-casas-de-campo\/villa-marianna\/#primaryimage","url":"https:\/\/www.valicodeipellegrini.it\/wp-content\/uploads\/2026\/04\/vm01-300x200.jpg","contentUrl":"https:\/\/www.valicodeipellegrini.it\/wp-content\/uploads\/2026\/04\/vm01-300x200.jpg"},{"@type":"BreadcrumbList","@id":"https:\/\/www.valicodeipellegrini.it\/es\/las-casas-de-campo\/villa-marianna\/#breadcrumb","itemListElement":[{"@type":"ListItem","position":1,"name":"Home","item":"https:\/\/www.valicodeipellegrini.it\/es\/"},{"@type":"ListItem","position":2,"name":"I Casali","item":"https:\/\/www.valicodeipellegrini.it\/es\/las-casas-de-campo\/"},{"@type":"ListItem","position":3,"name":"Villa Marianna"}]},{"@type":"WebSite","@id":"https:\/\/www.valicodeipellegrini.it\/#website","url":"https:\/\/www.valicodeipellegrini.it\/","name":"Agriturismo Valico dei Pellegrini","description":"Natura e relax in Umbria","potentialAction":[{"@type":"SearchAction","target":{"@type":"EntryPoint","urlTemplate":"https:\/\/www.valicodeipellegrini.it\/?s={search_term_string}"},"query-input":{"@type":"PropertyValueSpecification","valueRequired":true,"valueName":"search_term_string"}}],"inLanguage":"es"}]}},"_links":{"self":[{"href":"https:\/\/www.valicodeipellegrini.it\/es\/wp-json\/wp\/v2\/pages\/6625","targetHints":{"allow":["GET"]}}],"collection":[{"href":"https:\/\/www.valicodeipellegrini.it\/es\/wp-json\/wp\/v2\/pages"}],"about":[{"href":"https:\/\/www.valicodeipellegrini.it\/es\/wp-json\/wp\/v2\/types\/page"}],"author":[{"embeddable":true,"href":"https:\/\/www.valicodeipellegrini.it\/es\/wp-json\/wp\/v2\/users\/1"}],"replies":[{"embeddable":true,"href":"https:\/\/www.valicodeipellegrini.it\/es\/wp-json\/wp\/v2\/comments?post=6625"}],"version-history":[{"count":6,"href":"https:\/\/www.valicodeipellegrini.it\/es\/wp-json\/wp\/v2\/pages\/6625\/revisions"}],"predecessor-version":[{"id":7554,"href":"https:\/\/www.valicodeipellegrini.it\/es\/wp-json\/wp\/v2\/pages\/6625\/revisions\/7554"}],"up":[{"embeddable":true,"href":"https:\/\/www.valicodeipellegrini.it\/es\/wp-json\/wp\/v2\/pages\/6623"}],"wp:attachment":[{"href":"https:\/\/www.valicodeipellegrini.it\/es\/wp-json\/wp\/v2\/media?parent=6625"}],"curies":[{"name":"wp","href":"https:\/\/api.w.org\/{rel}","templated":true}]}}