{"id":7719,"date":"2026-04-29T15:03:18","date_gmt":"2026-04-29T15:03:18","guid":{"rendered":"https:\/\/www.valicodeipellegrini.it\/?page_id=7719"},"modified":"2026-04-29T16:07:23","modified_gmt":"2026-04-29T16:07:23","slug":"ferienhaus-castel-santa-maria","status":"publish","type":"page","link":"https:\/\/www.valicodeipellegrini.it\/de\/die-landhaeuser\/ferienhaus-castel-santa-maria\/","title":{"rendered":"Ferienhaus Castel Santa Maria"},"content":{"rendered":"<h1> <\/h1>\n<h1 style=\"text-align: center;\">Ferienhaus Castel Santa Maria<\/h1>\n<div class=\"clearfix divider-common divider-blank\" style=\"padding-top:20px;padding-bottom:20px;\"><\/div>\n<h2 style=\"text-align: center;\">Demn\u00e4chst Er\u00f6ffnung<\/h2>\n<p>&nbsp;<\/p>\n\n<div class=\"column3 column_space\"><a href=\"https:\/\/www.valicodeipellegrini.it\/wp-content\/uploads\/2026\/04\/castel-santa-maria-costruzione-2.jpg\"><img loading=\"lazy\" decoding=\"async\" class=\"size-medium aligncenter\" src=\"https:\/\/www.valicodeipellegrini.it\/wp-content\/uploads\/2026\/04\/castel-santa-maria-costruzione-2-300x202.jpg\" alt=\"castel-santa-maria-costruzione-2\" width=\"300\" height=\"202\" \/><\/a><\/div> <div class=\"column3 column_space\"><a href=\"https:\/\/www.valicodeipellegrini.it\/wp-content\/uploads\/2026\/04\/castel-santa-maria-esterno1-1.jpg\"><img loading=\"lazy\" decoding=\"async\" class=\"size-medium aligncenter\" src=\"https:\/\/www.valicodeipellegrini.it\/wp-content\/uploads\/2026\/04\/castel-santa-maria-esterno1-1-300x199.jpg\" alt=\"castel-santa-maria-esterno1-1\" width=\"300\" height=\"199\" \/><\/a><\/div> <div class=\"column3 clearfix\"><a href=\"https:\/\/www.valicodeipellegrini.it\/wp-content\/uploads\/2026\/04\/castel-santa-maria-esterno3-1.jpg\"><img loading=\"lazy\" decoding=\"async\" class=\"size-medium aligncenter\" src=\"https:\/\/www.valicodeipellegrini.it\/wp-content\/uploads\/2026\/04\/castel-santa-maria-esterno3-1-300x200.jpg\" alt=\"castel-santa-maria-esterno3-1\" width=\"300\" height=\"200\" \/><\/a><\/div><div class=\"clear\"><\/div>\n\n<div class=\"column3 column_space\"><a href=\"https:\/\/www.valicodeipellegrini.it\/wp-content\/uploads\/2026\/04\/castel-santa-maria-esterno4-1.jpg\"><img loading=\"lazy\" decoding=\"async\" class=\"size-medium aligncenter\" src=\"https:\/\/www.valicodeipellegrini.it\/wp-content\/uploads\/2026\/04\/castel-santa-maria-esterno4-1-300x206.jpg\" alt=\"castel-santa-maria-esterno4-1\" width=\"300\" height=\"206\" \/><\/a><\/div> <div class=\"column3 column_space\"><a href=\"https:\/\/www.valicodeipellegrini.it\/wp-content\/uploads\/2026\/04\/castel-santa-maria-panorama1-1.jpg\"><img loading=\"lazy\" decoding=\"async\" class=\"size-medium aligncenter\" src=\"https:\/\/www.valicodeipellegrini.it\/wp-content\/uploads\/2026\/04\/castel-santa-maria-panorama1-1-300x223.jpg\" alt=\"castel-santa-maria-panorama1-1\" width=\"300\" height=\"223\" \/><\/a><\/div> <div class=\"column3 clearfix\"><a href=\"https:\/\/www.valicodeipellegrini.it\/wp-content\/uploads\/2026\/04\/castel-santa-maria-panorama2-1.jpg\"><img loading=\"lazy\" decoding=\"async\" class=\"size-medium aligncenter\" src=\"https:\/\/www.valicodeipellegrini.it\/wp-content\/uploads\/2026\/04\/castel-santa-maria-panorama2-1-300x224.jpg\" alt=\"castel-santa-maria-panorama2-1\" width=\"300\" height=\"224\" \/><\/a><\/div><div class=\"clear\"><\/div>\n\n<div class=\"column3 clearfix\"><a href=\"https:\/\/www.valicodeipellegrini.it\/wp-content\/uploads\/2026\/04\/castel-santa-maria-panorama3-1.jpg\"><img loading=\"lazy\" decoding=\"async\" class=\"size-medium aligncenter\" src=\"https:\/\/www.valicodeipellegrini.it\/wp-content\/uploads\/2026\/04\/castel-santa-maria-panorama3-1-300x223.jpg\" alt=\"castel-santa-maria-panorama3-1\" width=\"300\" height=\"223\" \/><\/a><\/div><div class=\"clear\"><\/div>\n<!--\n<p><strong>Wohnung Nr. 1<\/strong> (Erdgeschoss): Wohnzimmer mit K\u00fcchenzeile, Schlafzimmer mit 2 Betten plus Doppelschlafsofa, Badezimmer.<\/p>\n<p><strong>Wohnungen Nr. 2 und 3<\/strong> (Erdgeschoss): ger\u00e4umiges Wohnzimmer mit Kamin, K\u00fcche, 2 Schlafzimmer mit 4 Betten plus Doppelschlafsofa, 2 Badezimmer, davon 1 barrierefrei.<br \/>Die angegebenen R\u00e4ume gelten f\u00fcr jede einzelne Wohnung.<br \/>Bitte beachten Sie, dass die beiden Wohnungen \u00fcber eine Verbindungst\u00fcr gemeinsam genutzt oder bei geschlossener T\u00fcr getrennt belegt werden k\u00f6nnen.<\/p>\n<p><strong>Wohnung Nr. 4<\/strong> (1. Stock): ger\u00e4umiges Wohnzimmer mit Kamin, K\u00fcche, 3 Schlafzimmer mit 9 Betten plus Doppelschlafsofa, 2 Badezimmer, gro\u00dfe Terrasse mit Blick auf das umbrische Tal.<\/p>\n<p><strong>Wohnung Nr. 5<\/strong> (1. Stock): ger\u00e4umiges Wohnzimmer mit Kamin, K\u00fcche, 3 Schlafzimmer mit 6 Betten plus Doppelschlafsofa, 2 Badezimmer.<\/p>\n<p>Es ist m\u00f6glich, eine oder mehrere Wohnungen oder die gesamte Anlage gleichzeitig zu buchen.<\/p>\n<p>Im Untergeschoss befindet sich <strong>auf Anfrage<\/strong> das Agri-Restaurant mit traditioneller umbrischer Bauernk\u00fcche.<\/p>\n-->\n\n<div class=\"clearfix divider-common divider-blank\" style=\"padding-top:10px;padding-bottom:10px;\"><\/div>\n\n\n<div id=\"map\" style=\"width: 100%; height: 400px;\"><\/div>\n\n<div style=\"text-align: center;\"><a href=\"https:\/\/www.google.com\/maps\/dir\/?api=1&#038;destination=42.71453854331524,13.112730872021427\" target=\"_blank\" rel=\"noopener noreferrer\" style=\"display:inline-block; margin-top:12px; padding:12px 24px; background:#3478f6; color:#fff; border-radius:10px; text-decoration:none; font-weight:600;\" > Route mit Google Maps <\/a><\/div>\n\n<script>\n  const map = L.map('map').setView([42.71453854331524, 13.112730872021427], 13);\n  L.tileLayer('https:\/\/{s}.tile.openstreetmap.org\/{z}\/{x}\/{y}.png', {\n    attribution: '&copy; <a href=\"https:\/\/www.openstreetmap.org\/copyright\">OpenStreetMap<\/a>',\n    maxZoom: 19\n  }).addTo(map);\n  L.marker([42.71453854331524, 13.112730872021427]).addTo(map).bindPopup('<strong>Castel Santa Maria<\/strong>').openPopup();\n<\/script>\n\n\n\n<p>H\u00f6he: 1105 m \u00fcber dem Meeresspiegel<\/p>\n\n<p>Entfernungen:<\/p>\n<ul>\n<li>Cascia 13,5 km<\/li>\n<li>Norcia 13 km<\/li>\n<li>Castelluccio di Norcia 37 km<\/li>\n<li>Adria 90 km<\/li>\n<li>Flughafen Umbrien \u2013 Perugia San Francesco d&#8217;Assisi 100 km<\/li>\n<\/ul>\n\n\n<!--<p>CIN: IT054051B501014203<\/p>-->\n\n\n\n<p><\/p>\n","protected":false},"excerpt":{"rendered":"<p>Ferienhaus Castel Santa Maria Demn\u00e4chst Er\u00f6ffnung &nbsp; Route mit Google Maps H\u00f6he: 1105 m \u00fcber dem Meeresspiegel Entfernungen: Cascia 13,5 km Norcia 13 km Castelluccio di Norcia 37 km Adria 90 km Flughafen Umbrien \u2013 Perugia San Francesco d&#8217;Assisi 100 km<\/p>\n","protected":false},"author":1,"featured_media":0,"parent":6666,"menu_order":0,"comment_status":"closed","ping_status":"closed","template":"","meta":{"footnotes":""},"class_list":["post-7719","page","type-page","status-publish","hentry"],"yoast_head":"<!-- This site is optimized with the Yoast SEO plugin v27.0 - https:\/\/yoast.com\/product\/yoast-seo-wordpress\/ -->\n<title>Ferienhaus Castel Santa Maria - Agriturismo Valico dei Pellegrini<\/title>\n<meta name=\"robots\" content=\"index, follow, max-snippet:-1, max-image-preview:large, max-video-preview:-1\" \/>\n<link rel=\"canonical\" href=\"https:\/\/www.valicodeipellegrini.it\/de\/die-landhaeuser\/ferienhaus-castel-santa-maria\/\" \/>\n<meta property=\"og:locale\" content=\"de_DE\" \/>\n<meta property=\"og:type\" content=\"article\" \/>\n<meta property=\"og:title\" content=\"Ferienhaus Castel Santa Maria - Agriturismo Valico dei Pellegrini\" \/>\n<meta property=\"og:description\" content=\"Ferienhaus Castel Santa Maria Demn\u00e4chst Er\u00f6ffnung &nbsp; Route mit Google Maps H\u00f6he: 1105 m \u00fcber dem Meeresspiegel Entfernungen: Cascia 13,5 km Norcia 13 km Castelluccio di Norcia 37 km Adria 90 km Flughafen Umbrien \u2013 Perugia San Francesco d&#8217;Assisi 100 km\" \/>\n<meta property=\"og:url\" content=\"https:\/\/www.valicodeipellegrini.it\/de\/die-landhaeuser\/ferienhaus-castel-santa-maria\/\" \/>\n<meta property=\"og:site_name\" content=\"Agriturismo Valico dei Pellegrini\" \/>\n<meta property=\"article:modified_time\" content=\"2026-04-29T16:07:23+00:00\" \/>\n<meta property=\"og:image\" content=\"https:\/\/www.valicodeipellegrini.it\/wp-content\/uploads\/2026\/04\/castel-santa-maria-costruzione-2-300x202.jpg\" \/>\n<meta name=\"twitter:card\" content=\"summary_large_image\" \/>\n<meta name=\"twitter:label1\" content=\"Gesch\u00e4tzte Lesezeit\" \/>\n\t<meta name=\"twitter:data1\" content=\"2\u00a0Minuten\" \/>\n<script type=\"application\/ld+json\" class=\"yoast-schema-graph\">{\"@context\":\"https:\/\/schema.org\",\"@graph\":[{\"@type\":\"WebPage\",\"@id\":\"https:\/\/www.valicodeipellegrini.it\/de\/die-landhaeuser\/ferienhaus-castel-santa-maria\/\",\"url\":\"https:\/\/www.valicodeipellegrini.it\/de\/die-landhaeuser\/ferienhaus-castel-santa-maria\/\",\"name\":\"Ferienhaus Castel Santa Maria - Agriturismo Valico dei Pellegrini\",\"isPartOf\":{\"@id\":\"https:\/\/www.valicodeipellegrini.it\/#website\"},\"primaryImageOfPage\":{\"@id\":\"https:\/\/www.valicodeipellegrini.it\/de\/die-landhaeuser\/ferienhaus-castel-santa-maria\/#primaryimage\"},\"image\":{\"@id\":\"https:\/\/www.valicodeipellegrini.it\/de\/die-landhaeuser\/ferienhaus-castel-santa-maria\/#primaryimage\"},\"thumbnailUrl\":\"https:\/\/www.valicodeipellegrini.it\/wp-content\/uploads\/2026\/04\/castel-santa-maria-costruzione-2-300x202.jpg\",\"datePublished\":\"2026-04-29T15:03:18+00:00\",\"dateModified\":\"2026-04-29T16:07:23+00:00\",\"breadcrumb\":{\"@id\":\"https:\/\/www.valicodeipellegrini.it\/de\/die-landhaeuser\/ferienhaus-castel-santa-maria\/#breadcrumb\"},\"inLanguage\":\"de\",\"potentialAction\":[{\"@type\":\"ReadAction\",\"target\":[\"https:\/\/www.valicodeipellegrini.it\/de\/die-landhaeuser\/ferienhaus-castel-santa-maria\/\"]}]},{\"@type\":\"ImageObject\",\"inLanguage\":\"de\",\"@id\":\"https:\/\/www.valicodeipellegrini.it\/de\/die-landhaeuser\/ferienhaus-castel-santa-maria\/#primaryimage\",\"url\":\"https:\/\/www.valicodeipellegrini.it\/wp-content\/uploads\/2026\/04\/castel-santa-maria-costruzione-2-300x202.jpg\",\"contentUrl\":\"https:\/\/www.valicodeipellegrini.it\/wp-content\/uploads\/2026\/04\/castel-santa-maria-costruzione-2-300x202.jpg\"},{\"@type\":\"BreadcrumbList\",\"@id\":\"https:\/\/www.valicodeipellegrini.it\/de\/die-landhaeuser\/ferienhaus-castel-santa-maria\/#breadcrumb\",\"itemListElement\":[{\"@type\":\"ListItem\",\"position\":1,\"name\":\"Home\",\"item\":\"https:\/\/www.valicodeipellegrini.it\/de\/\"},{\"@type\":\"ListItem\",\"position\":2,\"name\":\"Die Landh\u00e4user\",\"item\":\"https:\/\/www.valicodeipellegrini.it\/i-casali\/\"},{\"@type\":\"ListItem\",\"position\":3,\"name\":\"Ferienhaus Castel Santa Maria\"}]},{\"@type\":\"WebSite\",\"@id\":\"https:\/\/www.valicodeipellegrini.it\/#website\",\"url\":\"https:\/\/www.valicodeipellegrini.it\/\",\"name\":\"Agriturismo Valico dei Pellegrini\",\"description\":\"Natura e relax in Umbria\",\"potentialAction\":[{\"@type\":\"SearchAction\",\"target\":{\"@type\":\"EntryPoint\",\"urlTemplate\":\"https:\/\/www.valicodeipellegrini.it\/?s={search_term_string}\"},\"query-input\":{\"@type\":\"PropertyValueSpecification\",\"valueRequired\":true,\"valueName\":\"search_term_string\"}}],\"inLanguage\":\"de\"}]}<\/script>\n<!-- \/ Yoast SEO plugin. -->","yoast_head_json":{"title":"Ferienhaus Castel Santa Maria - Agriturismo Valico dei Pellegrini","robots":{"index":"index","follow":"follow","max-snippet":"max-snippet:-1","max-image-preview":"max-image-preview:large","max-video-preview":"max-video-preview:-1"},"canonical":"https:\/\/www.valicodeipellegrini.it\/de\/die-landhaeuser\/ferienhaus-castel-santa-maria\/","og_locale":"de_DE","og_type":"article","og_title":"Ferienhaus Castel Santa Maria - Agriturismo Valico dei Pellegrini","og_description":"Ferienhaus Castel Santa Maria Demn\u00e4chst Er\u00f6ffnung &nbsp; Route mit Google Maps H\u00f6he: 1105 m \u00fcber dem Meeresspiegel Entfernungen: Cascia 13,5 km Norcia 13 km Castelluccio di Norcia 37 km Adria 90 km Flughafen Umbrien \u2013 Perugia San Francesco d&#8217;Assisi 100 km","og_url":"https:\/\/www.valicodeipellegrini.it\/de\/die-landhaeuser\/ferienhaus-castel-santa-maria\/","og_site_name":"Agriturismo Valico dei Pellegrini","article_modified_time":"2026-04-29T16:07:23+00:00","og_image":[{"url":"https:\/\/www.valicodeipellegrini.it\/wp-content\/uploads\/2026\/04\/castel-santa-maria-costruzione-2-300x202.jpg","type":"","width":"","height":""}],"twitter_card":"summary_large_image","twitter_misc":{"Gesch\u00e4tzte Lesezeit":"2\u00a0Minuten"},"schema":{"@context":"https:\/\/schema.org","@graph":[{"@type":"WebPage","@id":"https:\/\/www.valicodeipellegrini.it\/de\/die-landhaeuser\/ferienhaus-castel-santa-maria\/","url":"https:\/\/www.valicodeipellegrini.it\/de\/die-landhaeuser\/ferienhaus-castel-santa-maria\/","name":"Ferienhaus Castel Santa Maria - Agriturismo Valico dei Pellegrini","isPartOf":{"@id":"https:\/\/www.valicodeipellegrini.it\/#website"},"primaryImageOfPage":{"@id":"https:\/\/www.valicodeipellegrini.it\/de\/die-landhaeuser\/ferienhaus-castel-santa-maria\/#primaryimage"},"image":{"@id":"https:\/\/www.valicodeipellegrini.it\/de\/die-landhaeuser\/ferienhaus-castel-santa-maria\/#primaryimage"},"thumbnailUrl":"https:\/\/www.valicodeipellegrini.it\/wp-content\/uploads\/2026\/04\/castel-santa-maria-costruzione-2-300x202.jpg","datePublished":"2026-04-29T15:03:18+00:00","dateModified":"2026-04-29T16:07:23+00:00","breadcrumb":{"@id":"https:\/\/www.valicodeipellegrini.it\/de\/die-landhaeuser\/ferienhaus-castel-santa-maria\/#breadcrumb"},"inLanguage":"de","potentialAction":[{"@type":"ReadAction","target":["https:\/\/www.valicodeipellegrini.it\/de\/die-landhaeuser\/ferienhaus-castel-santa-maria\/"]}]},{"@type":"ImageObject","inLanguage":"de","@id":"https:\/\/www.valicodeipellegrini.it\/de\/die-landhaeuser\/ferienhaus-castel-santa-maria\/#primaryimage","url":"https:\/\/www.valicodeipellegrini.it\/wp-content\/uploads\/2026\/04\/castel-santa-maria-costruzione-2-300x202.jpg","contentUrl":"https:\/\/www.valicodeipellegrini.it\/wp-content\/uploads\/2026\/04\/castel-santa-maria-costruzione-2-300x202.jpg"},{"@type":"BreadcrumbList","@id":"https:\/\/www.valicodeipellegrini.it\/de\/die-landhaeuser\/ferienhaus-castel-santa-maria\/#breadcrumb","itemListElement":[{"@type":"ListItem","position":1,"name":"Home","item":"https:\/\/www.valicodeipellegrini.it\/de\/"},{"@type":"ListItem","position":2,"name":"Die Landh\u00e4user","item":"https:\/\/www.valicodeipellegrini.it\/i-casali\/"},{"@type":"ListItem","position":3,"name":"Ferienhaus Castel Santa Maria"}]},{"@type":"WebSite","@id":"https:\/\/www.valicodeipellegrini.it\/#website","url":"https:\/\/www.valicodeipellegrini.it\/","name":"Agriturismo Valico dei Pellegrini","description":"Natura e relax in Umbria","potentialAction":[{"@type":"SearchAction","target":{"@type":"EntryPoint","urlTemplate":"https:\/\/www.valicodeipellegrini.it\/?s={search_term_string}"},"query-input":{"@type":"PropertyValueSpecification","valueRequired":true,"valueName":"search_term_string"}}],"inLanguage":"de"}]}},"_links":{"self":[{"href":"https:\/\/www.valicodeipellegrini.it\/de\/wp-json\/wp\/v2\/pages\/7719","targetHints":{"allow":["GET"]}}],"collection":[{"href":"https:\/\/www.valicodeipellegrini.it\/de\/wp-json\/wp\/v2\/pages"}],"about":[{"href":"https:\/\/www.valicodeipellegrini.it\/de\/wp-json\/wp\/v2\/types\/page"}],"author":[{"embeddable":true,"href":"https:\/\/www.valicodeipellegrini.it\/de\/wp-json\/wp\/v2\/users\/1"}],"replies":[{"embeddable":true,"href":"https:\/\/www.valicodeipellegrini.it\/de\/wp-json\/wp\/v2\/comments?post=7719"}],"version-history":[{"count":2,"href":"https:\/\/www.valicodeipellegrini.it\/de\/wp-json\/wp\/v2\/pages\/7719\/revisions"}],"predecessor-version":[{"id":7752,"href":"https:\/\/www.valicodeipellegrini.it\/de\/wp-json\/wp\/v2\/pages\/7719\/revisions\/7752"}],"up":[{"embeddable":true,"href":"https:\/\/www.valicodeipellegrini.it\/de\/wp-json\/wp\/v2\/pages\/6666"}],"wp:attachment":[{"href":"https:\/\/www.valicodeipellegrini.it\/de\/wp-json\/wp\/v2\/media?parent=7719"}],"curies":[{"name":"wp","href":"https:\/\/api.w.org\/{rel}","templated":true}]}}