{"id":6658,"date":"2016-03-31T13:13:55","date_gmt":"2016-03-31T13:13:55","guid":{"rendered":"https:\/\/www.valicodeipellegrini.it\/de\/?page_id=6658"},"modified":"2026-04-21T20:30:52","modified_gmt":"2026-04-21T20:30:52","slug":"home","status":"publish","type":"page","link":"https:\/\/www.valicodeipellegrini.it\/de\/","title":{"rendered":"Home"},"content":{"rendered":"<div class=\"fullpage-block fullpage-block-8-1\">\n<div class=\"fullpage-item\">\n<div style=\"padding-top:30px;\"><\/div>\n<h2 style=\"text-align: center;\">Die Landh\u00e4user<\/h2>\n<h5 style=\"text-align: center;\">DER KOMPLEX ERSTRECKT SICH \u00dcBER 130 HEKTAR BEWALDETER GR\u00dcNER H\u00dcGEL MIT EINZIGARTIGEN PANORAMEN UND UMFASST DREI LANDH\u00c4USER MIT DEN NAMEN VILLA MARIANNA, VISTA DEL MONDO UND POSTO DEL SOLE, IN DER N\u00c4HE VON SPOLETO<\/h5>\n<div style=\"padding-top:30px;\"><\/div>\n<p><!-- Villa Marianna --><\/p>\n<div class=\"casale-row\" style=\"display:flex; align-items:center; flex-wrap:wrap; padding-bottom:20px;\">\n<div class=\"casale-foto\" style=\"width:48.2%; margin-right:3.225%;\">\n<a href=\"https:\/\/www.valicodeipellegrini.it\/de\/die-landhaeuser\/villa-marianna\/\"><img decoding=\"async\" src=\"https:\/\/www.valicodeipellegrini.it\/wp-content\/uploads\/2014\/05\/villamarianna1.jpg\" alt=\"Villa Marianna\" style=\"width:100%;\" \/><\/a><\/div>\n<div class=\"casale-desc\" style=\"width:48.2%;\">\n<h4><a href=\"https:\/\/www.valicodeipellegrini.it\/de\/die-landhaeuser\/villa-marianna\/\">Villa Marianna<\/a><\/h4>\n<ul>\n<li>Insgesamt 25 Betten in 5 Appartements<\/li>\n<li>Behindertengerecht ausgestattetes Bad (im Erdgeschoss)<\/li>\n<li>Wi-Fi-Internetverbindung<\/li>\n<li>Haustiere k\u00f6nnen mitgebracht werden<\/li>\n<\/ul>\n<\/div>\n<\/div>\n<p><!-- Vista del Mondo --><\/p>\n<div class=\"casale-row\" style=\"display:flex; align-items:center; flex-wrap:wrap; padding-bottom:20px;\">\n<div class=\"casale-foto\" style=\"width:48.2%; margin-right:3.225%;\">\n<a href=\"https:\/\/www.valicodeipellegrini.it\/de\/die-landhaeuser\/vista-del-mondo\/\"><img decoding=\"async\" src=\"https:\/\/www.valicodeipellegrini.it\/wp-content\/uploads\/2015\/11\/vistadelmondo.jpg\" alt=\"Vista del Mondo\" style=\"width:100%;\" \/><\/a><\/div>\n<div class=\"casale-desc\" style=\"width:48.2%;\">\n<h4><a href=\"https:\/\/www.valicodeipellegrini.it\/de\/die-landhaeuser\/vista-del-mondo\/\">Vista del Mondo<\/a><\/h4>\n<ul>\n<li>Insgesamt 13 Betten in 2 Appartements mit jeweils zwei Stockwerken<\/li>\n<li>Behindertengerecht ausgestattetes Bad (im Erdgeschoss)<\/li>\n<li>Wi-Fi-Internetverbindung<\/li>\n<li>Haustiere k\u00f6nnen mitgebracht werden<\/li>\n<\/ul>\n<\/div>\n<\/div>\n<p><!-- Posto del Sole --><\/p>\n<div class=\"casale-row\" style=\"display:flex; align-items:center; flex-wrap:wrap; padding-bottom:20px;\">\n<div class=\"casale-foto\" style=\"width:48.2%; margin-right:3.225%;\">\n<a href=\"https:\/\/www.valicodeipellegrini.it\/de\/die-landhaeuser\/posto-del-sole\/\"><img decoding=\"async\" src=\"https:\/\/www.valicodeipellegrini.it\/wp-content\/uploads\/2015\/11\/agriturismo-posto-del-sole-piscina.jpg\" alt=\"Posto del Sole\" style=\"width:100%;\" \/><\/a><\/div>\n<div class=\"casale-desc\" style=\"width:48.2%;\">\n<h4><a href=\"https:\/\/www.valicodeipellegrini.it\/de\/die-landhaeuser\/posto-del-sole\/\">Posto del Sole<\/a><\/h4>\n<ul>\n<li>Insgesamt 17 Betten in 4 Appartements<\/li>\n<li>Behindertengerecht ausgestattetes Bad (im Erdgeschoss)<\/li>\n<li>Wi-Fi-Internetverbindung<\/li>\n<li>Haustiere k\u00f6nnen mitgebracht werden<\/li>\n<\/ul>\n<\/div>\n<\/div>\n<\/div>\n<\/div>\n<div class=\"fullpage-block fullpage-block-8-2\">\n<div class=\"fullpage-item\">\n<div style=\"padding-top:30px;\"><\/div>\n<div class=\"column2 column_space\">\n<div class=\"shortcode-time-counter-block\"><i style=\"color:#83D5C0 !important;\" class=\"time-count-icon icon-moon\"><\/i><div class=\"time-count-data\" id=\"time-count-data-6658-337d\" data-start=\"40\" data-end=\"55\"><\/div><div class=\"time-count-title\"><h4>Betten insgesamt<\/h4><\/div>\n<\/div>\n<script>\njQuery(document).ready(function($){\n\t$('#time-count-data-6658-337d').waypoint(function() {\n    $('#time-count-data-6658-337d').countTo({\n        from: 40,\n        to: 55,\n        speed: 5000,\n        decimals: 0,\n        refreshInterval: 50,\n        onComplete: function(value) {\n        }\n    });\n\t}, { offset: 'bottom-in-view',triggerOnce: true });\n});\n<\/script><\/div>\n<div class=\"column2 clearfix\">\n<div class=\"shortcode-time-counter-block\"><i style=\"color:#3CBC6D !important;\" class=\"time-count-icon icon-leaf\"><\/i><div class=\"time-count-data\" id=\"time-count-data-6658-ecc1\" data-start=\"135\" data-end=\"150\"><\/div><div class=\"time-count-title\"><h4>Hektar Gr\u00fcnfl\u00e4che<\/h4><\/div>\n<\/div>\n<script>\njQuery(document).ready(function($){\n\t$('#time-count-data-6658-ecc1').waypoint(function() {\n    $('#time-count-data-6658-ecc1').countTo({\n        from: 135,\n        to: 150,\n        speed: 5000,\n        decimals: 0,\n        refreshInterval: 50,\n        onComplete: function(value) {\n        }\n    });\n\t}, { offset: 'bottom-in-view',triggerOnce: true });\n});\n<\/script><\/div>\n<div class=\"clear\"><\/div>\n<\/div>\n<\/div>\n","protected":false},"excerpt":{"rendered":"<p>Die Landh\u00e4user DER KOMPLEX ERSTRECKT SICH \u00dcBER 130 HEKTAR BEWALDETER GR\u00dcNER H\u00dcGEL MIT EINZIGARTIGEN PANORAMEN UND UMFASST DREI LANDH\u00c4USER MIT DEN NAMEN VILLA MARIANNA, VISTA DEL MONDO UND POSTO DEL SOLE, IN DER N\u00c4HE VON SPOLETO Villa Marianna Insgesamt 25 Betten in 5 Appartements Behindertengerecht ausgestattetes Bad (im Erdgeschoss) Wi-Fi-Internetverbindung Haustiere k\u00f6nnen mitgebracht werden Vista del Mondo Insgesamt 13 Betten in 2 Appartements mit jeweils zwei Stockwerken Behindertengerecht ausgestattetes Bad (im Erdgeschoss) Wi-Fi-Internetverbindung Haustiere k\u00f6nnen mitgebracht werden Posto del Sole [&hellip;]<\/p>\n","protected":false},"author":1,"featured_media":0,"parent":0,"menu_order":0,"comment_status":"closed","ping_status":"closed","template":"template-fullpage.php","meta":{"footnotes":""},"class_list":["post-6658","page","type-page","status-publish","hentry"],"yoast_head":"<!-- This site is optimized with the Yoast SEO plugin v27.0 - https:\/\/yoast.com\/product\/yoast-seo-wordpress\/ -->\n<title>Home - Agriturismo Valico dei Pellegrini<\/title>\n<meta name=\"robots\" content=\"index, follow, max-snippet:-1, max-image-preview:large, max-video-preview:-1\" \/>\n<link rel=\"canonical\" href=\"https:\/\/www.valicodeipellegrini.it\/de\/\" \/>\n<meta property=\"og:locale\" content=\"de_DE\" \/>\n<meta property=\"og:type\" content=\"article\" \/>\n<meta property=\"og:title\" content=\"Home - Agriturismo Valico dei Pellegrini\" \/>\n<meta property=\"og:description\" content=\"Die Landh\u00e4user DER KOMPLEX ERSTRECKT SICH \u00dcBER 130 HEKTAR BEWALDETER GR\u00dcNER H\u00dcGEL MIT EINZIGARTIGEN PANORAMEN UND UMFASST DREI LANDH\u00c4USER MIT DEN NAMEN VILLA MARIANNA, VISTA DEL MONDO UND POSTO DEL SOLE, IN DER N\u00c4HE VON SPOLETO Villa Marianna Insgesamt 25 Betten in 5 Appartements Behindertengerecht ausgestattetes Bad (im Erdgeschoss) Wi-Fi-Internetverbindung Haustiere k\u00f6nnen mitgebracht werden Vista del Mondo Insgesamt 13 Betten in 2 Appartements mit jeweils zwei Stockwerken Behindertengerecht ausgestattetes Bad (im Erdgeschoss) Wi-Fi-Internetverbindung Haustiere k\u00f6nnen mitgebracht werden Posto del Sole [&hellip;]\" \/>\n<meta property=\"og:url\" content=\"https:\/\/www.valicodeipellegrini.it\/de\/\" \/>\n<meta property=\"og:site_name\" content=\"Agriturismo Valico dei Pellegrini\" \/>\n<meta property=\"article:modified_time\" content=\"2026-04-21T20:30:52+00:00\" \/>\n<meta property=\"og:image\" content=\"https:\/\/www.valicodeipellegrini.it\/wp-content\/uploads\/2014\/05\/villamarianna1.jpg\" \/>\n<meta name=\"twitter:card\" content=\"summary_large_image\" \/>\n<meta name=\"twitter:label1\" content=\"Gesch\u00e4tzte Lesezeit\" \/>\n\t<meta name=\"twitter:data1\" content=\"2\u00a0Minuten\" \/>\n<script type=\"application\/ld+json\" class=\"yoast-schema-graph\">{\"@context\":\"https:\/\/schema.org\",\"@graph\":[{\"@type\":\"WebPage\",\"@id\":\"https:\/\/www.valicodeipellegrini.it\/de\/\",\"url\":\"https:\/\/www.valicodeipellegrini.it\/de\/\",\"name\":\"Home - Agriturismo Valico dei Pellegrini\",\"isPartOf\":{\"@id\":\"https:\/\/www.valicodeipellegrini.it\/#website\"},\"primaryImageOfPage\":{\"@id\":\"https:\/\/www.valicodeipellegrini.it\/de\/#primaryimage\"},\"image\":{\"@id\":\"https:\/\/www.valicodeipellegrini.it\/de\/#primaryimage\"},\"thumbnailUrl\":\"https:\/\/www.valicodeipellegrini.it\/wp-content\/uploads\/2014\/05\/villamarianna1.jpg\",\"datePublished\":\"2016-03-31T13:13:55+00:00\",\"dateModified\":\"2026-04-21T20:30:52+00:00\",\"breadcrumb\":{\"@id\":\"https:\/\/www.valicodeipellegrini.it\/de\/#breadcrumb\"},\"inLanguage\":\"de\",\"potentialAction\":[{\"@type\":\"ReadAction\",\"target\":[\"https:\/\/www.valicodeipellegrini.it\/de\/\"]}]},{\"@type\":\"ImageObject\",\"inLanguage\":\"de\",\"@id\":\"https:\/\/www.valicodeipellegrini.it\/de\/#primaryimage\",\"url\":\"https:\/\/www.valicodeipellegrini.it\/wp-content\/uploads\/2014\/05\/villamarianna1.jpg\",\"contentUrl\":\"https:\/\/www.valicodeipellegrini.it\/wp-content\/uploads\/2014\/05\/villamarianna1.jpg\"},{\"@type\":\"BreadcrumbList\",\"@id\":\"https:\/\/www.valicodeipellegrini.it\/de\/#breadcrumb\",\"itemListElement\":[{\"@type\":\"ListItem\",\"position\":1,\"name\":\"Home\",\"item\":\"https:\/\/www.valicodeipellegrini.it\/de\/\"},{\"@type\":\"ListItem\",\"position\":2,\"name\":\"Home\"}]},{\"@type\":\"WebSite\",\"@id\":\"https:\/\/www.valicodeipellegrini.it\/#website\",\"url\":\"https:\/\/www.valicodeipellegrini.it\/\",\"name\":\"Agriturismo Valico dei Pellegrini\",\"description\":\"Natura e relax in Umbria\",\"potentialAction\":[{\"@type\":\"SearchAction\",\"target\":{\"@type\":\"EntryPoint\",\"urlTemplate\":\"https:\/\/www.valicodeipellegrini.it\/?s={search_term_string}\"},\"query-input\":{\"@type\":\"PropertyValueSpecification\",\"valueRequired\":true,\"valueName\":\"search_term_string\"}}],\"inLanguage\":\"de\"}]}<\/script>\n<!-- \/ Yoast SEO plugin. -->","yoast_head_json":{"title":"Home - Agriturismo Valico dei Pellegrini","robots":{"index":"index","follow":"follow","max-snippet":"max-snippet:-1","max-image-preview":"max-image-preview:large","max-video-preview":"max-video-preview:-1"},"canonical":"https:\/\/www.valicodeipellegrini.it\/de\/","og_locale":"de_DE","og_type":"article","og_title":"Home - Agriturismo Valico dei Pellegrini","og_description":"Die Landh\u00e4user DER KOMPLEX ERSTRECKT SICH \u00dcBER 130 HEKTAR BEWALDETER GR\u00dcNER H\u00dcGEL MIT EINZIGARTIGEN PANORAMEN UND UMFASST DREI LANDH\u00c4USER MIT DEN NAMEN VILLA MARIANNA, VISTA DEL MONDO UND POSTO DEL SOLE, IN DER N\u00c4HE VON SPOLETO Villa Marianna Insgesamt 25 Betten in 5 Appartements Behindertengerecht ausgestattetes Bad (im Erdgeschoss) Wi-Fi-Internetverbindung Haustiere k\u00f6nnen mitgebracht werden Vista del Mondo Insgesamt 13 Betten in 2 Appartements mit jeweils zwei Stockwerken Behindertengerecht ausgestattetes Bad (im Erdgeschoss) Wi-Fi-Internetverbindung Haustiere k\u00f6nnen mitgebracht werden Posto del Sole [&hellip;]","og_url":"https:\/\/www.valicodeipellegrini.it\/de\/","og_site_name":"Agriturismo Valico dei Pellegrini","article_modified_time":"2026-04-21T20:30:52+00:00","og_image":[{"url":"https:\/\/www.valicodeipellegrini.it\/wp-content\/uploads\/2014\/05\/villamarianna1.jpg","type":"","width":"","height":""}],"twitter_card":"summary_large_image","twitter_misc":{"Gesch\u00e4tzte Lesezeit":"2\u00a0Minuten"},"schema":{"@context":"https:\/\/schema.org","@graph":[{"@type":"WebPage","@id":"https:\/\/www.valicodeipellegrini.it\/de\/","url":"https:\/\/www.valicodeipellegrini.it\/de\/","name":"Home - Agriturismo Valico dei Pellegrini","isPartOf":{"@id":"https:\/\/www.valicodeipellegrini.it\/#website"},"primaryImageOfPage":{"@id":"https:\/\/www.valicodeipellegrini.it\/de\/#primaryimage"},"image":{"@id":"https:\/\/www.valicodeipellegrini.it\/de\/#primaryimage"},"thumbnailUrl":"https:\/\/www.valicodeipellegrini.it\/wp-content\/uploads\/2014\/05\/villamarianna1.jpg","datePublished":"2016-03-31T13:13:55+00:00","dateModified":"2026-04-21T20:30:52+00:00","breadcrumb":{"@id":"https:\/\/www.valicodeipellegrini.it\/de\/#breadcrumb"},"inLanguage":"de","potentialAction":[{"@type":"ReadAction","target":["https:\/\/www.valicodeipellegrini.it\/de\/"]}]},{"@type":"ImageObject","inLanguage":"de","@id":"https:\/\/www.valicodeipellegrini.it\/de\/#primaryimage","url":"https:\/\/www.valicodeipellegrini.it\/wp-content\/uploads\/2014\/05\/villamarianna1.jpg","contentUrl":"https:\/\/www.valicodeipellegrini.it\/wp-content\/uploads\/2014\/05\/villamarianna1.jpg"},{"@type":"BreadcrumbList","@id":"https:\/\/www.valicodeipellegrini.it\/de\/#breadcrumb","itemListElement":[{"@type":"ListItem","position":1,"name":"Home","item":"https:\/\/www.valicodeipellegrini.it\/de\/"},{"@type":"ListItem","position":2,"name":"Home"}]},{"@type":"WebSite","@id":"https:\/\/www.valicodeipellegrini.it\/#website","url":"https:\/\/www.valicodeipellegrini.it\/","name":"Agriturismo Valico dei Pellegrini","description":"Natura e relax in Umbria","potentialAction":[{"@type":"SearchAction","target":{"@type":"EntryPoint","urlTemplate":"https:\/\/www.valicodeipellegrini.it\/?s={search_term_string}"},"query-input":{"@type":"PropertyValueSpecification","valueRequired":true,"valueName":"search_term_string"}}],"inLanguage":"de"}]}},"_links":{"self":[{"href":"https:\/\/www.valicodeipellegrini.it\/de\/wp-json\/wp\/v2\/pages\/6658","targetHints":{"allow":["GET"]}}],"collection":[{"href":"https:\/\/www.valicodeipellegrini.it\/de\/wp-json\/wp\/v2\/pages"}],"about":[{"href":"https:\/\/www.valicodeipellegrini.it\/de\/wp-json\/wp\/v2\/types\/page"}],"author":[{"embeddable":true,"href":"https:\/\/www.valicodeipellegrini.it\/de\/wp-json\/wp\/v2\/users\/1"}],"replies":[{"embeddable":true,"href":"https:\/\/www.valicodeipellegrini.it\/de\/wp-json\/wp\/v2\/comments?post=6658"}],"version-history":[{"count":5,"href":"https:\/\/www.valicodeipellegrini.it\/de\/wp-json\/wp\/v2\/pages\/6658\/revisions"}],"predecessor-version":[{"id":7401,"href":"https:\/\/www.valicodeipellegrini.it\/de\/wp-json\/wp\/v2\/pages\/6658\/revisions\/7401"}],"wp:attachment":[{"href":"https:\/\/www.valicodeipellegrini.it\/de\/wp-json\/wp\/v2\/media?parent=6658"}],"curies":[{"name":"wp","href":"https:\/\/api.w.org\/{rel}","templated":true}]}}